{"id":5703,"date":"2022-11-23T17:21:31","date_gmt":"2022-11-23T16:21:31","guid":{"rendered":"https:\/\/www.saefte-vom-bodensee.de\/schloer\/?page_id=5703"},"modified":"2023-04-21T09:09:07","modified_gmt":"2023-04-21T07:09:07","slug":"marke","status":"publish","type":"page","link":"https:\/\/www.saefte-vom-bodensee.de\/schloer\/marke\/","title":{"rendered":"Marke"},"content":{"rendered":"\t\t<div data-elementor-type=\"wp-page\" data-elementor-id=\"5703\" class=\"elementor elementor-5703\" data-elementor-post-type=\"page\">\n\t\t\t\t\t\t<section class=\"elementor-section elementor-top-section elementor-element elementor-element-2f45fd4 elementor-section-content-top elementor-section-boxed elementor-section-height-default elementor-section-height-default\" data-id=\"2f45fd4\" data-element_type=\"section\" data-e-type=\"section\">\n\t\t\t\t\t\t<div class=\"elementor-container elementor-column-gap-default\">\n\t\t\t\t\t<div class=\"elementor-column elementor-col-100 elementor-top-column elementor-element elementor-element-2bdd482\" data-id=\"2bdd482\" data-element_type=\"column\" data-e-type=\"column\">\n\t\t\t<div class=\"elementor-widget-wrap elementor-element-populated\">\n\t\t\t\t\t\t<div class=\"elementor-element elementor-element-eed6fbd elementor-widget elementor-widget-heading\" data-id=\"eed6fbd\" data-element_type=\"widget\" data-e-type=\"widget\" data-widget_type=\"heading.default\">\n\t\t\t\t<div class=\"elementor-widget-container\">\n\t\t\t\t\t<h2 class=\"elementor-heading-title elementor-size-default\">Die gekr\u00f6nten Fruchts\u00e4fte vom Bodensee<\/h2>\t\t\t\t<\/div>\n\t\t\t\t<\/div>\n\t\t\t\t<div class=\"elementor-element elementor-element-52b2db2 elementor-widget elementor-widget-text-editor\" data-id=\"52b2db2\" data-element_type=\"widget\" data-e-type=\"widget\" data-widget_type=\"text-editor.default\">\n\t\t\t\t<div class=\"elementor-widget-container\">\n\t\t\t\t\t\t\t\t\tDer Unterschied zwischen Fruchts\u00e4ften und Fruchts\u00e4ften mit Stil zeigt sich im Geschmack und in der kleinen Krone, die Schl\u00f6r seit 1922 als Markenzeichen tr\u00e4gt. Entdecken Sie die feinen Unterschiede der wohl exklusivsten Fruchtsaftmarke Deutschlands.\t\t\t\t\t\t\t\t<\/div>\n\t\t\t\t<\/div>\n\t\t\t\t\t<\/div>\n\t\t<\/div>\n\t\t\t\t\t<\/div>\n\t\t<\/section>\n\t\t\t\t<section class=\"elementor-section elementor-top-section elementor-element elementor-element-53a25d4 elementor-section-full_width elementor-section-height-min-height elementor-section-height-default elementor-section-items-middle\" data-id=\"53a25d4\" data-element_type=\"section\" data-e-type=\"section\" data-settings=\"{&quot;background_background&quot;:&quot;classic&quot;,&quot;background_motion_fx_motion_fx_scrolling&quot;:&quot;yes&quot;,&quot;background_motion_fx_scale_effect&quot;:&quot;yes&quot;,&quot;background_motion_fx_scale_speed&quot;:{&quot;unit&quot;:&quot;px&quot;,&quot;size&quot;:2,&quot;sizes&quot;:[]},&quot;background_motion_fx_scale_range&quot;:{&quot;unit&quot;:&quot;%&quot;,&quot;size&quot;:&quot;&quot;,&quot;sizes&quot;:{&quot;start&quot;:0,&quot;end&quot;:29}},&quot;background_motion_fx_scale_direction&quot;:&quot;out-in&quot;,&quot;background_motion_fx_devices&quot;:[&quot;desktop&quot;,&quot;tablet&quot;,&quot;mobile&quot;]}\">\n\t\t\t\t\t\t<div class=\"elementor-container elementor-column-gap-default\">\n\t\t\t\t\t<div class=\"elementor-column elementor-col-100 elementor-top-column elementor-element elementor-element-1dae189\" data-id=\"1dae189\" data-element_type=\"column\" data-e-type=\"column\">\n\t\t\t<div class=\"elementor-widget-wrap elementor-element-populated\">\n\t\t\t\t\t\t<div class=\"elementor-element elementor-element-8cfc397 elementor-widget__width-auto elementor-absolute elementor-widget elementor-widget-image\" data-id=\"8cfc397\" data-element_type=\"widget\" data-e-type=\"widget\" data-settings=\"{&quot;_position&quot;:&quot;absolute&quot;,&quot;motion_fx_motion_fx_scrolling&quot;:&quot;yes&quot;,&quot;motion_fx_rotateZ_effect&quot;:&quot;yes&quot;,&quot;motion_fx_rotateZ_direction&quot;:&quot;negative&quot;,&quot;motion_fx_rotateZ_speed&quot;:{&quot;unit&quot;:&quot;px&quot;,&quot;size&quot;:1,&quot;sizes&quot;:[]},&quot;motion_fx_rotateZ_affectedRange&quot;:{&quot;unit&quot;:&quot;%&quot;,&quot;size&quot;:&quot;&quot;,&quot;sizes&quot;:{&quot;start&quot;:0,&quot;end&quot;:100}},&quot;motion_fx_devices&quot;:[&quot;desktop&quot;,&quot;tablet&quot;,&quot;mobile&quot;]}\" data-widget_type=\"image.default\">\n\t\t\t\t<div class=\"elementor-widget-container\">\n\t\t\t\t\t\t\t\t\t\t\t\t\t\t\t<img fetchpriority=\"high\" decoding=\"async\" width=\"402\" height=\"402\" src=\"https:\/\/www.saefte-vom-bodensee.de\/schloer\/wp-content\/uploads\/sites\/4\/2022\/11\/SLR-Icons-RZ_aus-Obst-vom-Bodensee.png\" class=\"attachment-large size-large wp-image-5511\" alt=\"\" srcset=\"https:\/\/www.saefte-vom-bodensee.de\/schloer\/wp-content\/uploads\/sites\/4\/2022\/11\/SLR-Icons-RZ_aus-Obst-vom-Bodensee.png 402w, https:\/\/www.saefte-vom-bodensee.de\/schloer\/wp-content\/uploads\/sites\/4\/2022\/11\/SLR-Icons-RZ_aus-Obst-vom-Bodensee-150x150.png 150w, https:\/\/www.saefte-vom-bodensee.de\/schloer\/wp-content\/uploads\/sites\/4\/2022\/11\/SLR-Icons-RZ_aus-Obst-vom-Bodensee-50x50.png 50w, https:\/\/www.saefte-vom-bodensee.de\/schloer\/wp-content\/uploads\/sites\/4\/2022\/11\/SLR-Icons-RZ_aus-Obst-vom-Bodensee-146x146.png 146w, https:\/\/www.saefte-vom-bodensee.de\/schloer\/wp-content\/uploads\/sites\/4\/2022\/11\/SLR-Icons-RZ_aus-Obst-vom-Bodensee-75x75.png 75w, https:\/\/www.saefte-vom-bodensee.de\/schloer\/wp-content\/uploads\/sites\/4\/2022\/11\/SLR-Icons-RZ_aus-Obst-vom-Bodensee-85x85.png 85w, https:\/\/www.saefte-vom-bodensee.de\/schloer\/wp-content\/uploads\/sites\/4\/2022\/11\/SLR-Icons-RZ_aus-Obst-vom-Bodensee-80x80.png 80w\" sizes=\"(max-width: 402px) 100vw, 402px\" \/>\t\t\t\t\t\t\t\t\t\t\t\t\t\t\t<\/div>\n\t\t\t\t<\/div>\n\t\t\t\t\t<\/div>\n\t\t<\/div>\n\t\t\t\t\t<\/div>\n\t\t<\/section>\n\t\t\t\t<section class=\"elementor-section elementor-top-section elementor-element elementor-element-030eba0 elementor-section-content-middle elementor-section-boxed elementor-section-height-default elementor-section-height-default\" data-id=\"030eba0\" data-element_type=\"section\" data-e-type=\"section\" data-settings=\"{&quot;background_background&quot;:&quot;classic&quot;}\">\n\t\t\t\t\t\t<div class=\"elementor-container elementor-column-gap-default\">\n\t\t\t\t\t<div class=\"elementor-column elementor-col-100 elementor-top-column elementor-element elementor-element-c675824 animated-fast elementor-invisible\" data-id=\"c675824\" data-element_type=\"column\" data-e-type=\"column\" data-settings=\"{&quot;animation&quot;:&quot;fadeInUp&quot;}\">\n\t\t\t<div class=\"elementor-widget-wrap elementor-element-populated\">\n\t\t\t\t\t\t<div class=\"elementor-element elementor-element-ef2217a elementor-widget elementor-widget-heading\" data-id=\"ef2217a\" data-element_type=\"widget\" data-e-type=\"widget\" data-widget_type=\"heading.default\">\n\t\t\t\t<div class=\"elementor-widget-container\">\n\t\t\t\t\t<h2 class=\"elementor-heading-title elementor-size-default\">Aus dem besten Obst der Welt. <br \/>Also vom Bodensee.<\/h2>\t\t\t\t<\/div>\n\t\t\t\t<\/div>\n\t\t\t\t<div class=\"elementor-element elementor-element-ace485f elementor-widget elementor-widget-text-editor\" data-id=\"ace485f\" data-element_type=\"widget\" data-e-type=\"widget\" data-widget_type=\"text-editor.default\">\n\t\t\t\t<div class=\"elementor-widget-container\">\n\t\t\t\t\t\t\t\t\tDie Fr\u00fcchte der Bodenseeregion werden verw\u00f6hnt von mildem Klima, fruchtbaren B\u00f6den und jahrhundertealter Obstbaukultur. Daf\u00fcr belohnen uns die handverlesenen \u00c4pfel, Birnen, Kirschen und weiteren Fr\u00fcchte vom Bodensee mit S\u00e4ften von perfekt ausbalancierter S\u00e4ure sowie voller tiefgr\u00fcndiger Komplexit\u00e4t. Auch f\u00fcr die Fr\u00fcchte, die nicht hier gedeihen, gilt der allerh\u00f6chste Anspruch: Orangen, Mangos und andere saftige K\u00f6stlichkeiten kauft Schl\u00f6r in den weltbesten Anbaugebieten ein.\t\t\t\t\t\t\t\t<\/div>\n\t\t\t\t<\/div>\n\t\t\t\t\t<\/div>\n\t\t<\/div>\n\t\t\t\t\t<\/div>\n\t\t<\/section>\n\t\t\t\t<section class=\"elementor-section elementor-top-section elementor-element elementor-element-11845a3 elementor-section-content-middle animated-fast elementor-section-boxed elementor-section-height-default elementor-section-height-default elementor-invisible\" data-id=\"11845a3\" data-element_type=\"section\" data-e-type=\"section\" data-settings=\"{&quot;animation&quot;:&quot;fadeInUp&quot;}\">\n\t\t\t\t\t\t<div class=\"elementor-container elementor-column-gap-default\">\n\t\t\t\t\t<div class=\"elementor-column elementor-col-50 elementor-top-column elementor-element elementor-element-76f64a8\" data-id=\"76f64a8\" data-element_type=\"column\" data-e-type=\"column\">\n\t\t\t<div class=\"elementor-widget-wrap elementor-element-populated\">\n\t\t\t\t\t\t<div class=\"elementor-element elementor-element-47ef06e elementor-widget elementor-widget-image\" data-id=\"47ef06e\" data-element_type=\"widget\" data-e-type=\"widget\" data-widget_type=\"image.default\">\n\t\t\t\t<div class=\"elementor-widget-container\">\n\t\t\t\t\t\t\t\t\t\t\t\t\t\t\t<img decoding=\"async\" width=\"1024\" height=\"797\" src=\"https:\/\/www.saefte-vom-bodensee.de\/schloer\/wp-content\/uploads\/sites\/4\/2021\/12\/AdobeStock_122672335-ret-MP-1024x797.jpg\" class=\"attachment-large size-large wp-image-2138\" alt=\"\" srcset=\"https:\/\/www.saefte-vom-bodensee.de\/schloer\/wp-content\/uploads\/sites\/4\/2021\/12\/AdobeStock_122672335-ret-MP-1024x797.jpg 1024w, https:\/\/www.saefte-vom-bodensee.de\/schloer\/wp-content\/uploads\/sites\/4\/2021\/12\/AdobeStock_122672335-ret-MP-480x374.jpg 480w, https:\/\/www.saefte-vom-bodensee.de\/schloer\/wp-content\/uploads\/sites\/4\/2021\/12\/AdobeStock_122672335-ret-MP-150x117.jpg 150w, https:\/\/www.saefte-vom-bodensee.de\/schloer\/wp-content\/uploads\/sites\/4\/2021\/12\/AdobeStock_122672335-ret-MP-768x598.jpg 768w, https:\/\/www.saefte-vom-bodensee.de\/schloer\/wp-content\/uploads\/sites\/4\/2021\/12\/AdobeStock_122672335-ret-MP-50x39.jpg 50w, https:\/\/www.saefte-vom-bodensee.de\/schloer\/wp-content\/uploads\/sites\/4\/2021\/12\/AdobeStock_122672335-ret-MP-1536x1196.jpg 1536w, https:\/\/www.saefte-vom-bodensee.de\/schloer\/wp-content\/uploads\/sites\/4\/2021\/12\/AdobeStock_122672335-ret-MP-2048x1595.jpg 2048w, https:\/\/www.saefte-vom-bodensee.de\/schloer\/wp-content\/uploads\/sites\/4\/2021\/12\/AdobeStock_122672335-ret-MP-188x146.jpg 188w, https:\/\/www.saefte-vom-bodensee.de\/schloer\/wp-content\/uploads\/sites\/4\/2021\/12\/AdobeStock_122672335-ret-MP-96x75.jpg 96w\" sizes=\"(max-width: 1024px) 100vw, 1024px\" \/>\t\t\t\t\t\t\t\t\t\t\t\t\t\t\t<\/div>\n\t\t\t\t<\/div>\n\t\t\t\t\t<\/div>\n\t\t<\/div>\n\t\t\t\t<div class=\"elementor-column elementor-col-50 elementor-top-column elementor-element elementor-element-9d9dd67\" data-id=\"9d9dd67\" data-element_type=\"column\" data-e-type=\"column\">\n\t\t\t<div class=\"elementor-widget-wrap elementor-element-populated\">\n\t\t\t\t\t\t<div class=\"elementor-element elementor-element-e6e413a elementor-widget elementor-widget-heading\" data-id=\"e6e413a\" data-element_type=\"widget\" data-e-type=\"widget\" data-widget_type=\"heading.default\">\n\t\t\t\t<div class=\"elementor-widget-container\">\n\t\t\t\t\t<h2 class=\"elementor-heading-title elementor-size-default\">Qualit\u00e4t in jeder Beziehung. <br \/> Auch zur Natur.<\/h2>\t\t\t\t<\/div>\n\t\t\t\t<\/div>\n\t\t\t\t<div class=\"elementor-element elementor-element-d220dcc elementor-widget elementor-widget-text-editor\" data-id=\"d220dcc\" data-element_type=\"widget\" data-e-type=\"widget\" data-widget_type=\"text-editor.default\">\n\t\t\t\t<div class=\"elementor-widget-container\">\n\t\t\t\t\t\t\t\t\tFruchts\u00e4fte von Schl\u00f6r fallen bei Verkostungen immer wieder durch ihre herausragende Qualit\u00e4t auf. Das liegt auch am besonderen Verh\u00e4ltnis der Radolfzeller Premiummarke zur Natur. Schl\u00f6r ist mit u\u0308ber 30 verarbeiteten Ernten der Bio-Pionier vom Bodensee. Wir f\u00f6rdern Insektenhotels, den nachhaltigen Baumschnitt unserer Bio-Landwirte und die Artenvielfalt der Obstwiesen. Die Einfu\u0308hrung unserer 0,2 l Gastro-Design-Flasche wurde mit dem Mehrweg-Innovationspreis der Deutschen Umwelthilfe ausgezeichnet.\t\t\t\t\t\t\t\t<\/div>\n\t\t\t\t<\/div>\n\t\t\t\t\t<\/div>\n\t\t<\/div>\n\t\t\t\t\t<\/div>\n\t\t<\/section>\n\t\t\t\t<section class=\"elementor-section elementor-top-section elementor-element elementor-element-ba2dd02 elementor-section-boxed elementor-section-height-default elementor-section-height-default\" data-id=\"ba2dd02\" data-element_type=\"section\" data-e-type=\"section\" data-settings=\"{&quot;background_background&quot;:&quot;classic&quot;}\">\n\t\t\t\t\t\t<div class=\"elementor-container elementor-column-gap-default\">\n\t\t\t\t\t<div class=\"elementor-column elementor-col-100 elementor-top-column elementor-element elementor-element-4365b93\" data-id=\"4365b93\" data-element_type=\"column\" data-e-type=\"column\">\n\t\t\t<div class=\"elementor-widget-wrap elementor-element-populated\">\n\t\t\t\t\t\t<div class=\"elementor-element elementor-element-13279bc animated-fast elementor-widget-divider--view-line elementor-invisible elementor-widget elementor-widget-divider\" data-id=\"13279bc\" data-element_type=\"widget\" data-e-type=\"widget\" data-settings=\"{&quot;_animation&quot;:&quot;zoomIn&quot;}\" data-widget_type=\"divider.default\">\n\t\t\t\t<div class=\"elementor-widget-container\">\n\t\t\t\t\t\t\t<div class=\"elementor-divider\">\n\t\t\t<span class=\"elementor-divider-separator\">\n\t\t\t\t\t\t<\/span>\n\t\t<\/div>\n\t\t\t\t\t\t<\/div>\n\t\t\t\t<\/div>\n\t\t\t\t<div class=\"elementor-element elementor-element-cb3c0ba elementor-invisible elementor-widget elementor-widget-heading\" data-id=\"cb3c0ba\" data-element_type=\"widget\" data-e-type=\"widget\" data-settings=\"{&quot;_animation&quot;:&quot;fadeIn&quot;}\" data-widget_type=\"heading.default\">\n\t\t\t\t<div class=\"elementor-widget-container\">\n\t\t\t\t\t<h1 class=\"elementor-heading-title elementor-size-default\">Unsere Ware f\u00fcllen wir erst nach sorgf\u00e4ltiger interner Pr\u00fcfung unter unserem Markennamen Schl\u00f6r ab. So entsteht Qualit\u00e4t. Und bei uns hat sie Tradition. Seit 1922.<\/h1>\t\t\t\t<\/div>\n\t\t\t\t<\/div>\n\t\t\t\t<div class=\"elementor-element elementor-element-9700d73 animated-fast elementor-widget-divider--view-line elementor-invisible elementor-widget elementor-widget-divider\" data-id=\"9700d73\" data-element_type=\"widget\" data-e-type=\"widget\" data-settings=\"{&quot;_animation&quot;:&quot;zoomIn&quot;}\" data-widget_type=\"divider.default\">\n\t\t\t\t<div class=\"elementor-widget-container\">\n\t\t\t\t\t\t\t<div class=\"elementor-divider\">\n\t\t\t<span class=\"elementor-divider-separator\">\n\t\t\t\t\t\t<\/span>\n\t\t<\/div>\n\t\t\t\t\t\t<\/div>\n\t\t\t\t<\/div>\n\t\t\t\t\t<\/div>\n\t\t<\/div>\n\t\t\t\t\t<\/div>\n\t\t<\/section>\n\t\t\t\t<section class=\"elementor-section elementor-top-section elementor-element elementor-element-d7a9b45 elementor-section-content-middle elementor-section-boxed elementor-section-height-default elementor-section-height-default\" data-id=\"d7a9b45\" data-element_type=\"section\" data-e-type=\"section\" data-settings=\"{&quot;background_background&quot;:&quot;classic&quot;}\">\n\t\t\t\t\t\t<div class=\"elementor-container elementor-column-gap-default\">\n\t\t\t\t\t<div class=\"elementor-column elementor-col-100 elementor-top-column elementor-element elementor-element-abc72e8 animated-fast elementor-invisible\" data-id=\"abc72e8\" data-element_type=\"column\" data-e-type=\"column\" data-settings=\"{&quot;animation&quot;:&quot;fadeInUp&quot;}\">\n\t\t\t<div class=\"elementor-widget-wrap elementor-element-populated\">\n\t\t\t\t\t\t<div class=\"elementor-element elementor-element-29a5e8d elementor-widget elementor-widget-heading\" data-id=\"29a5e8d\" data-element_type=\"widget\" data-e-type=\"widget\" data-widget_type=\"heading.default\">\n\t\t\t\t<div class=\"elementor-widget-container\">\n\t\t\t\t\t<h2 class=\"elementor-heading-title elementor-size-default\">Das Beste h\u00e4ngt gerade hoch genug.<\/h2>\t\t\t\t<\/div>\n\t\t\t\t<\/div>\n\t\t\t\t<div class=\"elementor-element elementor-element-717f0d5 elementor-widget elementor-widget-text-editor\" data-id=\"717f0d5\" data-element_type=\"widget\" data-e-type=\"widget\" data-widget_type=\"text-editor.default\">\n\t\t\t\t<div class=\"elementor-widget-container\">\n\t\t\t\t\t\t\t\t\t<p>Nicht aus Pflichtgef\u00fchl, sondern aus nat\u00fcrlichem Respekt vor dem, was unsere fruchtbare Natur hervorbringt, achten wir auf einen \u00f6kologisch einwandfreien Umgang mit wertvollen Fr\u00fcchten und ertragreichen Pflanzen. Ein gutes St\u00fcck Wertsch\u00e4tzung schmeckt der anspruchsvolle Genie\u00dfer in jedem Schluck \u2013 schlie\u00dflich sind wir mit unserem Team und unseren Lieferanten mit Liebe und Fachkenntnis bei der Sache, in dem Bewusstsein, dass wir etwas ganz Besonderes herstellen. Auch wenn Schl\u00f6r Fruchts\u00e4fte und Nektare aus reinen Naturprodukten entstehen, ist auf die hochwertige und gleichbleibende Qualit\u00e4t von Schl\u00f6r Verlass. Genau hier k\u00f6nnen wir unsere Kompetenz, unser Wissen und unsere langj\u00e4hrige Erfahrung einflie\u00dfen lassen.<\/p>\t\t\t\t\t\t\t\t<\/div>\n\t\t\t\t<\/div>\n\t\t\t\t<div class=\"elementor-element elementor-element-0200687 elementor-widget elementor-widget-html\" data-id=\"0200687\" data-element_type=\"widget\" data-e-type=\"widget\" data-widget_type=\"html.default\">\n\t\t\t\t<div class=\"elementor-widget-container\">\n\t\t\t\t\t<script> \njQuery(document).ready(function($) { \nvar delay = 600; setTimeout(function() { \n$('.elementor-tab-title').removeClass('elementor-active');\n $('.elementor-tab-content').css('display', 'none'); }, delay); \n}); \n<\/script>\t\t\t\t<\/div>\n\t\t\t\t<\/div>\n\t\t\t\t<div class=\"elementor-element elementor-element-1c69feb elementor-widget elementor-widget-accordion\" data-id=\"1c69feb\" data-element_type=\"widget\" data-e-type=\"widget\" data-widget_type=\"accordion.default\">\n\t\t\t\t<div class=\"elementor-widget-container\">\n\t\t\t\t\t\t\t<div class=\"elementor-accordion\">\n\t\t\t\t\t\t\t<div class=\"elementor-accordion-item\">\n\t\t\t\t\t<div id=\"elementor-tab-title-2971\" class=\"elementor-tab-title\" data-tab=\"1\" role=\"button\" aria-controls=\"elementor-tab-content-2971\" aria-expanded=\"false\">\n\t\t\t\t\t\t\t\t\t\t\t\t<a class=\"elementor-accordion-title\" tabindex=\"0\">Bioland<\/a>\n\t\t\t\t\t<\/div>\n\t\t\t\t\t<div id=\"elementor-tab-content-2971\" class=\"elementor-tab-content elementor-clearfix\" data-tab=\"1\" role=\"region\" aria-labelledby=\"elementor-tab-title-2971\"><p><img decoding=\"async\" class=\"wp-image-5740 alignnone\" src=\"https:\/\/www.saefte-vom-bodensee.de\/schloer\/wp-content\/uploads\/sites\/4\/2022\/11\/2000px-Bioland_Logo_2012.svg-150x150.png\" alt=\"\" width=\"100\" srcset=\"https:\/\/www.saefte-vom-bodensee.de\/schloer\/wp-content\/uploads\/sites\/4\/2022\/11\/2000px-Bioland_Logo_2012.svg-150x150.png 150w, https:\/\/www.saefte-vom-bodensee.de\/schloer\/wp-content\/uploads\/sites\/4\/2022\/11\/2000px-Bioland_Logo_2012.svg-480x480.png 480w, https:\/\/www.saefte-vom-bodensee.de\/schloer\/wp-content\/uploads\/sites\/4\/2022\/11\/2000px-Bioland_Logo_2012.svg-1024x1024.png 1024w, https:\/\/www.saefte-vom-bodensee.de\/schloer\/wp-content\/uploads\/sites\/4\/2022\/11\/2000px-Bioland_Logo_2012.svg-768x768.png 768w, https:\/\/www.saefte-vom-bodensee.de\/schloer\/wp-content\/uploads\/sites\/4\/2022\/11\/2000px-Bioland_Logo_2012.svg-50x50.png 50w, https:\/\/www.saefte-vom-bodensee.de\/schloer\/wp-content\/uploads\/sites\/4\/2022\/11\/2000px-Bioland_Logo_2012.svg-1536x1536.png 1536w, https:\/\/www.saefte-vom-bodensee.de\/schloer\/wp-content\/uploads\/sites\/4\/2022\/11\/2000px-Bioland_Logo_2012.svg-146x146.png 146w, https:\/\/www.saefte-vom-bodensee.de\/schloer\/wp-content\/uploads\/sites\/4\/2022\/11\/2000px-Bioland_Logo_2012.svg-75x75.png 75w, https:\/\/www.saefte-vom-bodensee.de\/schloer\/wp-content\/uploads\/sites\/4\/2022\/11\/2000px-Bioland_Logo_2012.svg-85x85.png 85w, https:\/\/www.saefte-vom-bodensee.de\/schloer\/wp-content\/uploads\/sites\/4\/2022\/11\/2000px-Bioland_Logo_2012.svg-80x80.png 80w, https:\/\/www.saefte-vom-bodensee.de\/schloer\/wp-content\/uploads\/sites\/4\/2022\/11\/2000px-Bioland_Logo_2012.svg.png 2000w\" sizes=\"(max-width: 150px) 100vw, 150px\" \/><\/p><p>Der gr\u00f6\u00dfte Verband f\u00fcr biologischen Anbau in Deutschland hei\u00dft Bioland. Als Mitglied dieses Verbands verpflichtet sich Schl\u00f6r somit zur Einhaltung der sieben Prinzipien f\u00fcr die Bio-Landwirtschaft der Zukunft. Wir stehen f\u00fcr dieselben Werte wie Bioland: Kreislaufwirtschaft, F\u00f6rderung der Bodenfruchtbarkeit und Biodiversit\u00e4t, artgerechte Tierhaltung, wertvolle Lebensmittel, Bewahrung der nat\u00fcrlichen Lebensgrundlage sowie die Sicherung einer lebenswerten Zukunft.<\/p><\/div>\n\t\t\t\t<\/div>\n\t\t\t\t\t\t\t<div class=\"elementor-accordion-item\">\n\t\t\t\t\t<div id=\"elementor-tab-title-2972\" class=\"elementor-tab-title\" data-tab=\"2\" role=\"button\" aria-controls=\"elementor-tab-content-2972\" aria-expanded=\"false\">\n\t\t\t\t\t\t\t\t\t\t\t\t<a class=\"elementor-accordion-title\" tabindex=\"0\">Solar\u00ae-Food<\/a>\n\t\t\t\t\t<\/div>\n\t\t\t\t\t<div id=\"elementor-tab-content-2972\" class=\"elementor-tab-content elementor-clearfix\" data-tab=\"2\" role=\"region\" aria-labelledby=\"elementor-tab-title-2972\"><p><img decoding=\"async\" class=\"size-full wp-image-5739 alignnone\" src=\"https:\/\/www.saefte-vom-bodensee.de\/schloer\/wp-content\/uploads\/sites\/4\/2022\/11\/Solar-Food_logo001kl.png\" alt=\"\" width=\"100\" srcset=\"https:\/\/www.saefte-vom-bodensee.de\/schloer\/wp-content\/uploads\/sites\/4\/2022\/11\/Solar-Food_logo001kl.png 200w, https:\/\/www.saefte-vom-bodensee.de\/schloer\/wp-content\/uploads\/sites\/4\/2022\/11\/Solar-Food_logo001kl-150x150.png 150w, https:\/\/www.saefte-vom-bodensee.de\/schloer\/wp-content\/uploads\/sites\/4\/2022\/11\/Solar-Food_logo001kl-50x50.png 50w, https:\/\/www.saefte-vom-bodensee.de\/schloer\/wp-content\/uploads\/sites\/4\/2022\/11\/Solar-Food_logo001kl-146x146.png 146w, https:\/\/www.saefte-vom-bodensee.de\/schloer\/wp-content\/uploads\/sites\/4\/2022\/11\/Solar-Food_logo001kl-75x75.png 75w, https:\/\/www.saefte-vom-bodensee.de\/schloer\/wp-content\/uploads\/sites\/4\/2022\/11\/Solar-Food_logo001kl-85x85.png 85w, https:\/\/www.saefte-vom-bodensee.de\/schloer\/wp-content\/uploads\/sites\/4\/2022\/11\/Solar-Food_logo001kl-80x80.png 80w\" sizes=\"(max-width: 200px) 100vw, 200px\" \/><\/p><p>Wir bei Schl\u00f6r gehen einer klimafreundlichen Zukunft mit gro\u00dfen Schritten entgegen. Unser firmeneigener Fuhrpark besteht komplett aus abgasarmen LKW und das Dach unseres Betriebsgeb\u00e4udes ist mit modernen Photovoltaikanlagen best\u00fcckt. F\u00fcr unsere Getr\u00e4nke haben wir denselben Anspruch: Das Solar\u00ae-Food Label der TU M\u00fcnchen attestiert, dass der gesamte Energieverbrauch unserer Saftproduktion zu 100 % aus erneuerbaren Quellen stammt. Unsere Premium-S\u00e4fte werden nachhaltig, klimaneutral sowie umwelt- und ressourcenschonend hergestellt. Und diesen Einsatz schmeckt man auch.<\/p><\/div>\n\t\t\t\t<\/div>\n\t\t\t\t\t\t\t<div class=\"elementor-accordion-item\">\n\t\t\t\t\t<div id=\"elementor-tab-title-2973\" class=\"elementor-tab-title\" data-tab=\"3\" role=\"button\" aria-controls=\"elementor-tab-content-2973\" aria-expanded=\"false\">\n\t\t\t\t\t\t\t\t\t\t\t\t<a class=\"elementor-accordion-title\" tabindex=\"0\">Gutes vom See<\/a>\n\t\t\t\t\t<\/div>\n\t\t\t\t\t<div id=\"elementor-tab-content-2973\" class=\"elementor-tab-content elementor-clearfix\" data-tab=\"3\" role=\"region\" aria-labelledby=\"elementor-tab-title-2973\"><p><img decoding=\"async\" class=\"size-full wp-image-5741 alignnone\" src=\"https:\/\/www.saefte-vom-bodensee.de\/schloer\/wp-content\/uploads\/sites\/4\/2022\/11\/GvS_Logo.png\" alt=\"\" width=\"100\" srcset=\"https:\/\/www.saefte-vom-bodensee.de\/schloer\/wp-content\/uploads\/sites\/4\/2022\/11\/GvS_Logo.png 595w, https:\/\/www.saefte-vom-bodensee.de\/schloer\/wp-content\/uploads\/sites\/4\/2022\/11\/GvS_Logo-480x679.png 480w, https:\/\/www.saefte-vom-bodensee.de\/schloer\/wp-content\/uploads\/sites\/4\/2022\/11\/GvS_Logo-106x150.png 106w, https:\/\/www.saefte-vom-bodensee.de\/schloer\/wp-content\/uploads\/sites\/4\/2022\/11\/GvS_Logo-35x50.png 35w, https:\/\/www.saefte-vom-bodensee.de\/schloer\/wp-content\/uploads\/sites\/4\/2022\/11\/GvS_Logo-103x146.png 103w, https:\/\/www.saefte-vom-bodensee.de\/schloer\/wp-content\/uploads\/sites\/4\/2022\/11\/GvS_Logo-53x75.png 53w\" sizes=\"(max-width: 595px) 100vw, 595px\" \/><\/p><p>Schl\u00f6r ist bereits seit der Entstehung Teil des Vereins \u201eGutes vom See\u201c. Ziel der Initiative ist die nachhaltige Entwicklung der Bodenseeregion sowie ebendiese als Wirtschaftsraum zu f\u00f6rdern und zu intensivieren. Deswegen setzt der Verein auf eine enge, branchen\u00fcbergreifende Kooperation von Landwirtschaft, Lebensmittelhandwerk, Handel sowie Gro\u00dfk\u00fcchen und Gastronomie, um regionale Wirtschaftskreisl\u00e4ufe zu entwickeln und zu st\u00e4rken. Auf eine gleichbleibend hohe Qualit\u00e4t in Erzeugung, Verarbeitung und Pr\u00e4sentation der regionalen Produkte ist Verlass mit dem Gutes-vom-See-Logo. So werden die hochwertigen und geschmacklich einzigartigen Produkte der Bodenseeregion etabliert und langfristig positiv besetzt.<\/p><\/div>\n\t\t\t\t<\/div>\n\t\t\t\t\t\t\t<div class=\"elementor-accordion-item\">\n\t\t\t\t\t<div id=\"elementor-tab-title-2974\" class=\"elementor-tab-title\" data-tab=\"4\" role=\"button\" aria-controls=\"elementor-tab-content-2974\" aria-expanded=\"false\">\n\t\t\t\t\t\t\t\t\t\t\t\t<a class=\"elementor-accordion-title\" tabindex=\"0\">Deutsche Landwirtschaft Gesellschaft (DLG)<\/a>\n\t\t\t\t\t<\/div>\n\t\t\t\t\t<div id=\"elementor-tab-content-2974\" class=\"elementor-tab-content elementor-clearfix\" data-tab=\"4\" role=\"region\" aria-labelledby=\"elementor-tab-title-2974\"><p><img decoding=\"async\" class=\"alignnone size-full wp-image-5738\" src=\"https:\/\/www.saefte-vom-bodensee.de\/schloer\/wp-content\/uploads\/sites\/4\/2022\/11\/dlg-siegel.png\" alt=\"\" width=\"100\" srcset=\"https:\/\/www.saefte-vom-bodensee.de\/schloer\/wp-content\/uploads\/sites\/4\/2022\/11\/dlg-siegel.png 500w, https:\/\/www.saefte-vom-bodensee.de\/schloer\/wp-content\/uploads\/sites\/4\/2022\/11\/dlg-siegel-480x480.png 480w, https:\/\/www.saefte-vom-bodensee.de\/schloer\/wp-content\/uploads\/sites\/4\/2022\/11\/dlg-siegel-150x150.png 150w, https:\/\/www.saefte-vom-bodensee.de\/schloer\/wp-content\/uploads\/sites\/4\/2022\/11\/dlg-siegel-50x50.png 50w, https:\/\/www.saefte-vom-bodensee.de\/schloer\/wp-content\/uploads\/sites\/4\/2022\/11\/dlg-siegel-146x146.png 146w, https:\/\/www.saefte-vom-bodensee.de\/schloer\/wp-content\/uploads\/sites\/4\/2022\/11\/dlg-siegel-75x75.png 75w, https:\/\/www.saefte-vom-bodensee.de\/schloer\/wp-content\/uploads\/sites\/4\/2022\/11\/dlg-siegel-85x85.png 85w, https:\/\/www.saefte-vom-bodensee.de\/schloer\/wp-content\/uploads\/sites\/4\/2022\/11\/dlg-siegel-80x80.png 80w\" sizes=\"(max-width: 500px) 100vw, 500px\" \/><\/p><p>Schl\u00f6r wurde vielfach mit DLG-Pr\u00e4mierungen ausgezeichnet. Sie bezeugen, dass die pr\u00e4mierten Lebensmittel von besonders hoher Qualit\u00e4t sind. Wir werden einmal im Jahr freiwillig von Experten aus Handwerk, Industrie, Forschung und Lebensmittel\u00fcberwachung getestet. Im Zentrum dieser Pr\u00fcfung steht die sensorische Analyse. Diese wissenschaftlich abgesicherte Methode erm\u00f6glicht es, die Qualit\u00e4t von Schl\u00f6r zuverl\u00e4ssig zu bestimmen. Die DLG wendet strenge Standards an, die \u00fcber viele Jahrzehnte hinweg entwickelt wurden und st\u00e4ndig angepasst werden.<\/p><\/div>\n\t\t\t\t<\/div>\n\t\t\t\t\t\t\t<div class=\"elementor-accordion-item\">\n\t\t\t\t\t<div id=\"elementor-tab-title-2975\" class=\"elementor-tab-title\" data-tab=\"5\" role=\"button\" aria-controls=\"elementor-tab-content-2975\" aria-expanded=\"false\">\n\t\t\t\t\t\t\t\t\t\t\t\t<a class=\"elementor-accordion-title\" tabindex=\"0\">Glas-Mehrweg-Pool-System des Verbands der deutschen Fruchtsaft-Industrie (VdF)<\/a>\n\t\t\t\t\t<\/div>\n\t\t\t\t\t<div id=\"elementor-tab-content-2975\" class=\"elementor-tab-content elementor-clearfix\" data-tab=\"5\" role=\"region\" aria-labelledby=\"elementor-tab-title-2975\"><p><img decoding=\"async\" class=\"alignnone size-full wp-image-5742\" src=\"https:\/\/www.saefte-vom-bodensee.de\/schloer\/wp-content\/uploads\/sites\/4\/2022\/11\/Logo_FruchtSaft.png\" alt=\"\" width=\"100\" srcset=\"https:\/\/www.saefte-vom-bodensee.de\/schloer\/wp-content\/uploads\/sites\/4\/2022\/11\/Logo_FruchtSaft.png 252w, https:\/\/www.saefte-vom-bodensee.de\/schloer\/wp-content\/uploads\/sites\/4\/2022\/11\/Logo_FruchtSaft-150x124.png 150w, https:\/\/www.saefte-vom-bodensee.de\/schloer\/wp-content\/uploads\/sites\/4\/2022\/11\/Logo_FruchtSaft-50x41.png 50w, https:\/\/www.saefte-vom-bodensee.de\/schloer\/wp-content\/uploads\/sites\/4\/2022\/11\/Logo_FruchtSaft-177x146.png 177w, https:\/\/www.saefte-vom-bodensee.de\/schloer\/wp-content\/uploads\/sites\/4\/2022\/11\/Logo_FruchtSaft-91x75.png 91w\" sizes=\"(max-width: 252px) 100vw, 252px\" \/><\/p><p>Seit vielen Jahren nutzt Schl\u00f6r das Mehrweg-Pool-System f\u00fcr Glasflaschen des VdF. Der Rohstoff Glas kann beliebig oft eingeschmolzen und wieder zu neuen Flaschen gemacht werden. Somit ist das Mehrwegsystem ein in sich geschlossener Kreislauf. Da die \u00f6ffentliche Aufmerksamkeit f\u00fcr Umweltschutz zunimmt, gewinnt Mehrweg-Glas auch mehr Bedeutung bei der Kundschaft und im Handel. Glas hat aber nicht nur Vorteile f\u00fcr die Umwelt: Aufgrund der neutralen Beschaffenheit nehmen Glasflaschen weder Geruchs- noch Farbstoffe an. Zus\u00e4tzlich sind sie g\u00e4nzlich undurchl\u00e4ssig \u2013 so bleibt der handverlesene Premiumgeschmack unserer preisgekr\u00f6nten S\u00e4fte, Nektare und Schorlen formvollendet erhalten.<\/p><\/div>\n\t\t\t\t<\/div>\n\t\t\t\t\t\t\t\t<\/div>\n\t\t\t\t\t\t<\/div>\n\t\t\t\t<\/div>\n\t\t\t\t\t<\/div>\n\t\t<\/div>\n\t\t\t\t\t<\/div>\n\t\t<\/section>\n\t\t\t\t<section class=\"elementor-section elementor-top-section elementor-element elementor-element-c37144f elementor-section-content-middle elementor-section-boxed elementor-section-height-default elementor-section-height-default\" data-id=\"c37144f\" data-element_type=\"section\" data-e-type=\"section\" data-settings=\"{&quot;background_background&quot;:&quot;classic&quot;}\">\n\t\t\t\t\t\t<div class=\"elementor-container elementor-column-gap-default\">\n\t\t\t\t\t<div class=\"elementor-column elementor-col-100 elementor-top-column elementor-element elementor-element-295c5c3 animated-fast elementor-invisible\" data-id=\"295c5c3\" data-element_type=\"column\" data-e-type=\"column\" data-settings=\"{&quot;animation&quot;:&quot;fadeInUp&quot;}\">\n\t\t\t<div class=\"elementor-widget-wrap elementor-element-populated\">\n\t\t\t\t\t\t<div class=\"elementor-element elementor-element-46a4479 elementor-hidden-mobile elementor-widget elementor-widget-mfn_lottie\" data-id=\"46a4479\" data-element_type=\"widget\" data-e-type=\"widget\" data-widget_type=\"mfn_lottie.default\">\n\t\t\t\t<div class=\"elementor-widget-container\">\n\t\t\t\t\t<div  class=\"mfn-lottie-wrapper\"><div id=\"mfn_lottie_937_4\" class=\"lottie\"><\/div><\/div>\t\t\t\t<\/div>\n\t\t\t\t<\/div>\n\t\t\t\t<div class=\"elementor-element elementor-element-4928776 elementor-hidden-desktop elementor-hidden-tablet elementor-widget elementor-widget-mfn_lottie\" data-id=\"4928776\" data-element_type=\"widget\" data-e-type=\"widget\" data-widget_type=\"mfn_lottie.default\">\n\t\t\t\t<div class=\"elementor-widget-container\">\n\t\t\t\t\t<div  class=\"mfn-lottie-wrapper\"><div id=\"mfn_lottie_58_120\" class=\"lottie\"><\/div><\/div>\t\t\t\t<\/div>\n\t\t\t\t<\/div>\n\t\t\t\t\t<\/div>\n\t\t<\/div>\n\t\t\t\t\t<\/div>\n\t\t<\/section>\n\t\t\t\t<section class=\"elementor-section elementor-top-section elementor-element elementor-element-c2232e9 elementor-section-content-middle elementor-section-boxed elementor-section-height-default elementor-section-height-default\" data-id=\"c2232e9\" data-element_type=\"section\" data-e-type=\"section\" data-settings=\"{&quot;background_background&quot;:&quot;classic&quot;}\">\n\t\t\t\t\t\t<div class=\"elementor-container elementor-column-gap-default\">\n\t\t\t\t\t<div class=\"elementor-column elementor-col-100 elementor-top-column elementor-element elementor-element-36d2b5c animated-fast elementor-invisible\" data-id=\"36d2b5c\" data-element_type=\"column\" data-e-type=\"column\" data-settings=\"{&quot;animation&quot;:&quot;fadeInUp&quot;}\">\n\t\t\t<div class=\"elementor-widget-wrap elementor-element-populated\">\n\t\t\t\t\t\t<div class=\"elementor-element elementor-element-824f73b animated-fast elementor-invisible elementor-widget elementor-widget-heading\" data-id=\"824f73b\" data-element_type=\"widget\" data-e-type=\"widget\" data-settings=\"{&quot;motion_fx_motion_fx_scrolling&quot;:&quot;yes&quot;,&quot;motion_fx_translateY_effect&quot;:&quot;yes&quot;,&quot;motion_fx_translateY_speed&quot;:{&quot;unit&quot;:&quot;px&quot;,&quot;size&quot;:2,&quot;sizes&quot;:[]},&quot;motion_fx_translateY_affectedRange&quot;:{&quot;unit&quot;:&quot;%&quot;,&quot;size&quot;:&quot;&quot;,&quot;sizes&quot;:{&quot;start&quot;:0,&quot;end&quot;:53}},&quot;_animation&quot;:&quot;fadeInUp&quot;,&quot;motion_fx_devices&quot;:[&quot;desktop&quot;,&quot;tablet&quot;],&quot;_animation_mobile&quot;:&quot;fadeIn&quot;}\" data-widget_type=\"heading.default\">\n\t\t\t\t<div class=\"elementor-widget-container\">\n\t\t\t\t\t<h2 class=\"elementor-heading-title elementor-size-default\">100 Jahre Schl\u00f6r. <br \/>Das Kronjubil\u00e4um eines Trendsetters.<\/h2>\t\t\t\t<\/div>\n\t\t\t\t<\/div>\n\t\t\t\t\t<\/div>\n\t\t<\/div>\n\t\t\t\t\t<\/div>\n\t\t<\/section>\n\t\t\t\t<section class=\"elementor-section elementor-top-section elementor-element elementor-element-07db681 elementor-section-content-top elementor-section-boxed elementor-section-height-default elementor-section-height-default\" data-id=\"07db681\" data-element_type=\"section\" data-e-type=\"section\" data-settings=\"{&quot;background_background&quot;:&quot;classic&quot;}\">\n\t\t\t\t\t\t<div class=\"elementor-container elementor-column-gap-default\">\n\t\t\t\t\t<div class=\"elementor-column elementor-col-50 elementor-top-column elementor-element elementor-element-9d6e042 animated-fast elementor-invisible\" data-id=\"9d6e042\" data-element_type=\"column\" data-e-type=\"column\" data-settings=\"{&quot;animation&quot;:&quot;fadeInUp&quot;}\">\n\t\t\t<div class=\"elementor-widget-wrap elementor-element-populated\">\n\t\t\t\t\t\t<div class=\"elementor-element elementor-element-3c3f156 elementor-widget__width-inherit elementor-widget elementor-widget-heading\" data-id=\"3c3f156\" data-element_type=\"widget\" data-e-type=\"widget\" data-settings=\"{&quot;motion_fx_motion_fx_scrolling&quot;:&quot;yes&quot;,&quot;motion_fx_translateY_effect&quot;:&quot;yes&quot;,&quot;motion_fx_translateY_speed&quot;:{&quot;unit&quot;:&quot;px&quot;,&quot;size&quot;:2,&quot;sizes&quot;:[]},&quot;motion_fx_translateY_affectedRange&quot;:{&quot;unit&quot;:&quot;%&quot;,&quot;size&quot;:&quot;&quot;,&quot;sizes&quot;:{&quot;start&quot;:0,&quot;end&quot;:53}},&quot;motion_fx_devices&quot;:[&quot;desktop&quot;,&quot;tablet&quot;]}\" data-widget_type=\"heading.default\">\n\t\t\t\t<div class=\"elementor-widget-container\">\n\t\t\t\t\t<h2 class=\"elementor-heading-title elementor-size-default\">Ein kleiner Ausflug in die Firmengeschichte von Schl\u00f6r<\/h2>\t\t\t\t<\/div>\n\t\t\t\t<\/div>\n\t\t\t\t<div class=\"elementor-element elementor-element-922b134 elementor-widget elementor-widget-text-editor\" data-id=\"922b134\" data-element_type=\"widget\" data-e-type=\"widget\" data-settings=\"{&quot;motion_fx_motion_fx_scrolling&quot;:&quot;yes&quot;,&quot;motion_fx_translateY_effect&quot;:&quot;yes&quot;,&quot;motion_fx_translateY_speed&quot;:{&quot;unit&quot;:&quot;px&quot;,&quot;size&quot;:2,&quot;sizes&quot;:[]},&quot;motion_fx_translateY_affectedRange&quot;:{&quot;unit&quot;:&quot;%&quot;,&quot;size&quot;:&quot;&quot;,&quot;sizes&quot;:{&quot;start&quot;:0,&quot;end&quot;:50}},&quot;motion_fx_devices&quot;:[&quot;desktop&quot;,&quot;tablet&quot;]}\" data-widget_type=\"text-editor.default\">\n\t\t\t\t<div class=\"elementor-widget-container\">\n\t\t\t\t\t\t\t\t\tMan muss seiner Zeit schon ziemlich oft voraus sein, um\nals Marke ein Jahrhundert alt zu werden. Schl\u00f6r hat als\nPremium-Saft, Bio-Pionier und mit vielen Innovationen\nstets den Geschmack seiner Zeit getroffen.\t\t\t\t\t\t\t\t<\/div>\n\t\t\t\t<\/div>\n\t\t\t\t\t<\/div>\n\t\t<\/div>\n\t\t\t\t<div class=\"elementor-column elementor-col-50 elementor-top-column elementor-element elementor-element-0b46062 animated-fast elementor-invisible\" data-id=\"0b46062\" data-element_type=\"column\" data-e-type=\"column\" data-settings=\"{&quot;animation&quot;:&quot;fadeInUp&quot;}\">\n\t\t\t<div class=\"elementor-widget-wrap elementor-element-populated\">\n\t\t\t\t\t\t<div class=\"elementor-element elementor-element-50dac47 elementor-arrows-position-outside elementor-widget elementor-widget-image-carousel\" data-id=\"50dac47\" data-element_type=\"widget\" data-e-type=\"widget\" data-settings=\"{&quot;slides_to_show&quot;:&quot;1&quot;,&quot;navigation&quot;:&quot;arrows&quot;,&quot;effect&quot;:&quot;fade&quot;,&quot;motion_fx_motion_fx_scrolling&quot;:&quot;yes&quot;,&quot;motion_fx_translateY_effect&quot;:&quot;yes&quot;,&quot;motion_fx_translateY_speed&quot;:{&quot;unit&quot;:&quot;px&quot;,&quot;size&quot;:3,&quot;sizes&quot;:[]},&quot;motion_fx_translateY_affectedRange&quot;:{&quot;unit&quot;:&quot;%&quot;,&quot;size&quot;:&quot;&quot;,&quot;sizes&quot;:{&quot;start&quot;:0,&quot;end&quot;:50}},&quot;slides_to_show_tablet&quot;:&quot;1&quot;,&quot;slides_to_show_mobile&quot;:&quot;1&quot;,&quot;motion_fx_devices&quot;:[&quot;desktop&quot;,&quot;tablet&quot;],&quot;autoplay&quot;:&quot;yes&quot;,&quot;pause_on_hover&quot;:&quot;yes&quot;,&quot;pause_on_interaction&quot;:&quot;yes&quot;,&quot;autoplay_speed&quot;:5000,&quot;infinite&quot;:&quot;yes&quot;,&quot;speed&quot;:500}\" data-widget_type=\"image-carousel.default\">\n\t\t\t\t<div class=\"elementor-widget-container\">\n\t\t\t\t\t\t\t<div class=\"elementor-image-carousel-wrapper swiper\" role=\"region\" aria-roledescription=\"carousel\" aria-label=\"Bild Karussell\" dir=\"ltr\">\n\t\t\t<div class=\"elementor-image-carousel swiper-wrapper\" aria-live=\"off\">\n\t\t\t\t\t\t\t\t<div class=\"swiper-slide\" role=\"group\" aria-roledescription=\"slide\" aria-label=\"1 von 8\"><figure class=\"swiper-slide-inner\"><img decoding=\"async\" class=\"swiper-slide-image\" src=\"https:\/\/www.saefte-vom-bodensee.de\/schloer\/wp-content\/uploads\/sites\/4\/elementor\/thumbs\/Foto_30-qmr22os4fwxdhwso2acn81b6iqzwg8hf0488yummoo.jpg\" alt=\"Obstanlieferung\" \/><figcaption class=\"elementor-image-carousel-caption\">Obstanlieferung<\/figcaption><\/figure><\/div><div class=\"swiper-slide\" role=\"group\" aria-roledescription=\"slide\" aria-label=\"2 von 8\"><figure class=\"swiper-slide-inner\"><img decoding=\"async\" class=\"swiper-slide-image\" src=\"https:\/\/www.saefte-vom-bodensee.de\/schloer\/wp-content\/uploads\/sites\/4\/elementor\/thumbs\/Foto_37-qmr22ppymqyntirawsr9sj2n44v9nxl5c8vqg4l8ig.jpeg\" alt=\"Obstw\u00e4sche\" \/><figcaption class=\"elementor-image-carousel-caption\">Obstw\u00e4sche<\/figcaption><\/figure><\/div><div class=\"swiper-slide\" role=\"group\" aria-roledescription=\"slide\" aria-label=\"3 von 8\"><figure class=\"swiper-slide-inner\"><img decoding=\"async\" class=\"swiper-slide-image\" src=\"https:\/\/www.saefte-vom-bodensee.de\/schloer\/wp-content\/uploads\/sites\/4\/elementor\/thumbs\/Foto_31-qmr22os4fwxdhwso2acn81b6iqzwg8hf0488yummoo.jpeg\" alt=\"Kelterei\" \/><figcaption class=\"elementor-image-carousel-caption\">Kelterei<\/figcaption><\/figure><\/div><div class=\"swiper-slide\" role=\"group\" aria-roledescription=\"slide\" aria-label=\"4 von 8\"><figure class=\"swiper-slide-inner\"><img decoding=\"async\" class=\"swiper-slide-image\" src=\"https:\/\/www.saefte-vom-bodensee.de\/schloer\/wp-content\/uploads\/sites\/4\/elementor\/thumbs\/Foto_32-qmr22ppymqyntirawsr9sj2n44v9nxl5c8vqg4l8ig.jpeg\" alt=\"Filtration\" \/><figcaption class=\"elementor-image-carousel-caption\">Filtration<\/figcaption><\/figure><\/div><div class=\"swiper-slide\" role=\"group\" aria-roledescription=\"slide\" aria-label=\"5 von 8\"><figure class=\"swiper-slide-inner\"><img decoding=\"async\" class=\"swiper-slide-image\" src=\"https:\/\/www.saefte-vom-bodensee.de\/schloer\/wp-content\/uploads\/sites\/4\/elementor\/thumbs\/Foto_41-qmr22ppymqyntirawsr9sj2n44v9nxl5c8vqg4l8ig.jpeg\" alt=\"Abf\u00fcllung\" \/><figcaption class=\"elementor-image-carousel-caption\">Abf\u00fcllung<\/figcaption><\/figure><\/div><div class=\"swiper-slide\" role=\"group\" aria-roledescription=\"slide\" aria-label=\"6 von 8\"><figure class=\"swiper-slide-inner\"><img decoding=\"async\" class=\"swiper-slide-image\" src=\"https:\/\/www.saefte-vom-bodensee.de\/schloer\/wp-content\/uploads\/sites\/4\/elementor\/thumbs\/Foto_42-qmr22ppymqyntirawsr9sj2n44v9nxl5c8vqg4l8ig.jpeg\" alt=\"Etikettierung\" \/><figcaption class=\"elementor-image-carousel-caption\">Etikettierung<\/figcaption><\/figure><\/div><div class=\"swiper-slide\" role=\"group\" aria-roledescription=\"slide\" aria-label=\"7 von 8\"><figure class=\"swiper-slide-inner\"><img decoding=\"async\" class=\"swiper-slide-image\" src=\"https:\/\/www.saefte-vom-bodensee.de\/schloer\/wp-content\/uploads\/sites\/4\/elementor\/thumbs\/Fuhrpark_2-qmr22ppymqyntirawsr9sj2n44v9nxl5c8vqg4l8ig.jpg\" alt=\"Auslieferung\" \/><figcaption class=\"elementor-image-carousel-caption\">Auslieferung<\/figcaption><\/figure><\/div><div class=\"swiper-slide\" role=\"group\" aria-roledescription=\"slide\" aria-label=\"8 von 8\"><figure class=\"swiper-slide-inner\"><img decoding=\"async\" class=\"swiper-slide-image\" src=\"https:\/\/www.saefte-vom-bodensee.de\/schloer\/wp-content\/uploads\/sites\/4\/elementor\/thumbs\/schloer-geschichte-obstbaugenossenschaft-bodensee-qmr22vczrr6dr6j3zv717hneog3gy47jd0snbscvh4.jpg\" alt=\"schloer-geschichte-obstbaugenossenschaft-bodensee\" \/><\/figure><\/div>\t\t\t<\/div>\n\t\t\t\t\t\t\t\t\t\t\t\t<div class=\"elementor-swiper-button elementor-swiper-button-prev\" role=\"button\" tabindex=\"0\">\n\t\t\t\t\t\t<i aria-hidden=\"true\" class=\"eicon-chevron-left\"><\/i>\t\t\t\t\t<\/div>\n\t\t\t\t\t<div class=\"elementor-swiper-button elementor-swiper-button-next\" role=\"button\" tabindex=\"0\">\n\t\t\t\t\t\t<i aria-hidden=\"true\" class=\"eicon-chevron-right\"><\/i>\t\t\t\t\t<\/div>\n\t\t\t\t\n\t\t\t\t\t\t\t\t\t<\/div>\n\t\t\t\t\t\t<\/div>\n\t\t\t\t<\/div>\n\t\t\t\t\t<\/div>\n\t\t<\/div>\n\t\t\t\t\t<\/div>\n\t\t<\/section>\n\t\t\t\t<\/div>\n\t\t","protected":false},"excerpt":{"rendered":"","protected":false},"author":1,"featured_media":0,"parent":0,"menu_order":0,"comment_status":"closed","ping_status":"closed","template":"elementor_header_footer","meta":{"footnotes":""},"class_list":["post-5703","page","type-page","status-publish","hentry"],"yoast_head":"<!-- This site is optimized with the Yoast SEO plugin v27.4 - https:\/\/yoast.com\/product\/yoast-seo-wordpress\/ -->\n<title>\u00dcber Schl\u00f6r \u2013 S\u00e4fte mit Stil<\/title>\n<meta name=\"description\" content=\"Erfahren Sie mehr \u00fcber unseren Einsatz f\u00fcr die Umwelt, unsere Fr\u00fcchte und G\u00fctesiegel sowie unsere mehr als 100j\u00e4hrige Geschichte.\" \/>\n<meta name=\"robots\" content=\"index, follow, max-snippet:-1, max-image-preview:large, max-video-preview:-1\" \/>\n<link rel=\"canonical\" href=\"https:\/\/www.saefte-vom-bodensee.de\/schloer\/marke\/\" \/>\n<meta property=\"og:locale\" content=\"de_DE\" \/>\n<meta property=\"og:type\" content=\"article\" \/>\n<meta property=\"og:title\" content=\"\u00dcber Schl\u00f6r \u2013 S\u00e4fte mit Stil\" \/>\n<meta property=\"og:description\" content=\"Erfahren Sie mehr \u00fcber unseren Einsatz f\u00fcr die Umwelt, unsere Fr\u00fcchte und G\u00fctesiegel sowie unsere mehr als 100j\u00e4hrige Geschichte.\" \/>\n<meta property=\"og:url\" content=\"https:\/\/www.saefte-vom-bodensee.de\/schloer\/marke\/\" \/>\n<meta property=\"og:site_name\" content=\"Schl\u00f6r\" \/>\n<meta property=\"article:modified_time\" content=\"2023-04-21T07:09:07+00:00\" \/>\n<meta property=\"og:image\" content=\"https:\/\/saefte-vom-bodensee.de\/schloer\/wp-content\/uploads\/sites\/4\/2022\/11\/SLR-Icons-RZ_aus-Obst-vom-Bodensee.png\" \/>\n<meta name=\"twitter:card\" content=\"summary_large_image\" \/>\n<meta name=\"twitter:label1\" content=\"Gesch\u00e4tzte Lesezeit\" \/>\n\t<meta name=\"twitter:data1\" content=\"8\u00a0Minuten\" \/>\n<!-- \/ Yoast SEO plugin. -->","yoast_head_json":{"title":"\u00dcber Schl\u00f6r \u2013 S\u00e4fte mit Stil","description":"Erfahren Sie mehr \u00fcber unseren Einsatz f\u00fcr die Umwelt, unsere Fr\u00fcchte und G\u00fctesiegel sowie unsere mehr als 100j\u00e4hrige Geschichte.","robots":{"index":"index","follow":"follow","max-snippet":"max-snippet:-1","max-image-preview":"max-image-preview:large","max-video-preview":"max-video-preview:-1"},"canonical":"https:\/\/www.saefte-vom-bodensee.de\/schloer\/marke\/","og_locale":"de_DE","og_type":"article","og_title":"\u00dcber Schl\u00f6r \u2013 S\u00e4fte mit Stil","og_description":"Erfahren Sie mehr \u00fcber unseren Einsatz f\u00fcr die Umwelt, unsere Fr\u00fcchte und G\u00fctesiegel sowie unsere mehr als 100j\u00e4hrige Geschichte.","og_url":"https:\/\/www.saefte-vom-bodensee.de\/schloer\/marke\/","og_site_name":"Schl\u00f6r","article_modified_time":"2023-04-21T07:09:07+00:00","og_image":[{"url":"https:\/\/saefte-vom-bodensee.de\/schloer\/wp-content\/uploads\/sites\/4\/2022\/11\/SLR-Icons-RZ_aus-Obst-vom-Bodensee.png","type":"","width":"","height":""}],"twitter_card":"summary_large_image","twitter_misc":{"Gesch\u00e4tzte Lesezeit":"8\u00a0Minuten"},"schema":{"@context":"https:\/\/schema.org","@graph":[{"@type":"WebPage","@id":"https:\/\/www.saefte-vom-bodensee.de\/schloer\/marke\/","url":"https:\/\/www.saefte-vom-bodensee.de\/schloer\/marke\/","name":"\u00dcber Schl\u00f6r \u2013 S\u00e4fte mit Stil","isPartOf":{"@id":"https:\/\/www.saefte-vom-bodensee.de\/schloer\/#website"},"primaryImageOfPage":{"@id":"https:\/\/www.saefte-vom-bodensee.de\/schloer\/marke\/#primaryimage"},"image":{"@id":"https:\/\/www.saefte-vom-bodensee.de\/schloer\/marke\/#primaryimage"},"thumbnailUrl":"https:\/\/saefte-vom-bodensee.de\/schloer\/wp-content\/uploads\/sites\/4\/2022\/11\/SLR-Icons-RZ_aus-Obst-vom-Bodensee.png","datePublished":"2022-11-23T16:21:31+00:00","dateModified":"2023-04-21T07:09:07+00:00","description":"Erfahren Sie mehr \u00fcber unseren Einsatz f\u00fcr die Umwelt, unsere Fr\u00fcchte und G\u00fctesiegel sowie unsere mehr als 100j\u00e4hrige Geschichte.","breadcrumb":{"@id":"https:\/\/www.saefte-vom-bodensee.de\/schloer\/marke\/#breadcrumb"},"inLanguage":"de","potentialAction":[{"@type":"ReadAction","target":["https:\/\/www.saefte-vom-bodensee.de\/schloer\/marke\/"]}]},{"@type":"ImageObject","inLanguage":"de","@id":"https:\/\/www.saefte-vom-bodensee.de\/schloer\/marke\/#primaryimage","url":"https:\/\/saefte-vom-bodensee.de\/schloer\/wp-content\/uploads\/sites\/4\/2022\/11\/SLR-Icons-RZ_aus-Obst-vom-Bodensee.png","contentUrl":"https:\/\/saefte-vom-bodensee.de\/schloer\/wp-content\/uploads\/sites\/4\/2022\/11\/SLR-Icons-RZ_aus-Obst-vom-Bodensee.png"},{"@type":"BreadcrumbList","@id":"https:\/\/www.saefte-vom-bodensee.de\/schloer\/marke\/#breadcrumb","itemListElement":[{"@type":"ListItem","position":1,"name":"Startseite","item":"https:\/\/www.saefte-vom-bodensee.de\/schloer\/"},{"@type":"ListItem","position":2,"name":"Marke"}]},{"@type":"WebSite","@id":"https:\/\/www.saefte-vom-bodensee.de\/schloer\/#website","url":"https:\/\/www.saefte-vom-bodensee.de\/schloer\/","name":"Schl\u00f6r","description":"","publisher":{"@id":"https:\/\/www.saefte-vom-bodensee.de\/schloer\/#organization"},"potentialAction":[{"@type":"SearchAction","target":{"@type":"EntryPoint","urlTemplate":"https:\/\/www.saefte-vom-bodensee.de\/schloer\/?s={search_term_string}"},"query-input":{"@type":"PropertyValueSpecification","valueRequired":true,"valueName":"search_term_string"}}],"inLanguage":"de"},{"@type":"Organization","@id":"https:\/\/www.saefte-vom-bodensee.de\/schloer\/#organization","name":"Schl\u00f6r","url":"https:\/\/www.saefte-vom-bodensee.de\/schloer\/","logo":{"@type":"ImageObject","inLanguage":"de","@id":"https:\/\/www.saefte-vom-bodensee.de\/schloer\/#\/schema\/logo\/image\/","url":"https:\/\/www.saefte-vom-bodensee.de\/schloer\/wp-content\/uploads\/sites\/4\/2021\/10\/schloer-logo-dunkel.png","contentUrl":"https:\/\/www.saefte-vom-bodensee.de\/schloer\/wp-content\/uploads\/sites\/4\/2021\/10\/schloer-logo-dunkel.png","width":280,"height":224,"caption":"Schl\u00f6r"},"image":{"@id":"https:\/\/www.saefte-vom-bodensee.de\/schloer\/#\/schema\/logo\/image\/"}}]}},"acf":[],"_links":{"self":[{"href":"https:\/\/www.saefte-vom-bodensee.de\/schloer\/wp-json\/wp\/v2\/pages\/5703","targetHints":{"allow":["GET"]}}],"collection":[{"href":"https:\/\/www.saefte-vom-bodensee.de\/schloer\/wp-json\/wp\/v2\/pages"}],"about":[{"href":"https:\/\/www.saefte-vom-bodensee.de\/schloer\/wp-json\/wp\/v2\/types\/page"}],"author":[{"embeddable":true,"href":"https:\/\/www.saefte-vom-bodensee.de\/schloer\/wp-json\/wp\/v2\/users\/1"}],"replies":[{"embeddable":true,"href":"https:\/\/www.saefte-vom-bodensee.de\/schloer\/wp-json\/wp\/v2\/comments?post=5703"}],"version-history":[{"count":0,"href":"https:\/\/www.saefte-vom-bodensee.de\/schloer\/wp-json\/wp\/v2\/pages\/5703\/revisions"}],"wp:attachment":[{"href":"https:\/\/www.saefte-vom-bodensee.de\/schloer\/wp-json\/wp\/v2\/media?parent=5703"}],"curies":[{"name":"wp","href":"https:\/\/api.w.org\/{rel}","templated":true}]}}