{"id":9139,"date":"2023-04-04T16:23:26","date_gmt":"2023-04-04T14:23:26","guid":{"rendered":"https:\/\/www.saefte-vom-bodensee.de\/lindauer-fruchtgarten\/?post_type=portfolio&#038;p=9139"},"modified":"2023-04-04T16:53:40","modified_gmt":"2023-04-04T14:53:40","slug":"bauernmost","status":"publish","type":"portfolio","link":"https:\/\/www.saefte-vom-bodensee.de\/lindauer-fruchtgarten\/blog\/portfolio-item\/bauernmost\/","title":{"rendered":"Bauernmost"},"content":{"rendered":"\t\t<div data-elementor-type=\"wp-post\" data-elementor-id=\"9139\" class=\"elementor elementor-9139\" data-elementor-post-type=\"portfolio\">\n\t\t\t\t\t\t<section class=\"elementor-section elementor-top-section elementor-element elementor-element-e8886d3 elementor-section-boxed elementor-section-height-default elementor-section-height-default\" data-id=\"e8886d3\" data-element_type=\"section\" data-e-type=\"section\">\n\t\t\t\t\t\t<div class=\"elementor-container elementor-column-gap-default\">\n\t\t\t\t\t<div class=\"elementor-column elementor-col-50 elementor-top-column elementor-element elementor-element-06196f9\" data-id=\"06196f9\" data-element_type=\"column\" data-e-type=\"column\">\n\t\t\t<div class=\"elementor-widget-wrap elementor-element-populated\">\n\t\t\t\t\t\t<div class=\"elementor-element elementor-element-75523f7 elementor-widget elementor-widget-image\" data-id=\"75523f7\" data-element_type=\"widget\" data-e-type=\"widget\" data-widget_type=\"image.default\">\n\t\t\t\t<div class=\"elementor-widget-container\">\n\t\t\t\t\t\t\t\t\t\t\t\t\t\t\t<img fetchpriority=\"high\" decoding=\"async\" width=\"1024\" height=\"1194\" src=\"https:\/\/www.saefte-vom-bodensee.de\/lindauer-fruchtgarten\/wp-content\/uploads\/sites\/3\/2023\/04\/LIF-Most-Alkoholfrei-1L-1024x1194.png\" class=\"attachment-large size-large wp-image-9141\" alt=\"\" srcset=\"https:\/\/www.saefte-vom-bodensee.de\/lindauer-fruchtgarten\/wp-content\/uploads\/sites\/3\/2023\/04\/LIF-Most-Alkoholfrei-1L-1024x1194.png 1024w, https:\/\/www.saefte-vom-bodensee.de\/lindauer-fruchtgarten\/wp-content\/uploads\/sites\/3\/2023\/04\/LIF-Most-Alkoholfrei-1L-480x560.png 480w, https:\/\/www.saefte-vom-bodensee.de\/lindauer-fruchtgarten\/wp-content\/uploads\/sites\/3\/2023\/04\/LIF-Most-Alkoholfrei-1L-129x150.png 129w, https:\/\/www.saefte-vom-bodensee.de\/lindauer-fruchtgarten\/wp-content\/uploads\/sites\/3\/2023\/04\/LIF-Most-Alkoholfrei-1L-768x896.png 768w, https:\/\/www.saefte-vom-bodensee.de\/lindauer-fruchtgarten\/wp-content\/uploads\/sites\/3\/2023\/04\/LIF-Most-Alkoholfrei-1L-43x50.png 43w, https:\/\/www.saefte-vom-bodensee.de\/lindauer-fruchtgarten\/wp-content\/uploads\/sites\/3\/2023\/04\/LIF-Most-Alkoholfrei-1L-125x146.png 125w, https:\/\/www.saefte-vom-bodensee.de\/lindauer-fruchtgarten\/wp-content\/uploads\/sites\/3\/2023\/04\/LIF-Most-Alkoholfrei-1L-64x75.png 64w, https:\/\/www.saefte-vom-bodensee.de\/lindauer-fruchtgarten\/wp-content\/uploads\/sites\/3\/2023\/04\/LIF-Most-Alkoholfrei-1L.png 1088w\" sizes=\"(max-width: 1024px) 100vw, 1024px\" \/>\t\t\t\t\t\t\t\t\t\t\t\t\t\t\t<\/div>\n\t\t\t\t<\/div>\n\t\t\t\t<div class=\"elementor-element elementor-element-15086e2 e-transform elementor-absolute elementor-widget__width-auto elementor-hidden-tablet elementor-hidden-mobile elementor-widget elementor-widget-text-editor\" data-id=\"15086e2\" data-element_type=\"widget\" data-e-type=\"widget\" data-settings=\"{&quot;_transform_rotateZ_effect&quot;:{&quot;unit&quot;:&quot;px&quot;,&quot;size&quot;:-9,&quot;sizes&quot;:[]},&quot;_position&quot;:&quot;absolute&quot;,&quot;_transform_rotateZ_effect_tablet&quot;:{&quot;unit&quot;:&quot;deg&quot;,&quot;size&quot;:&quot;&quot;,&quot;sizes&quot;:[]},&quot;_transform_rotateZ_effect_mobile&quot;:{&quot;unit&quot;:&quot;deg&quot;,&quot;size&quot;:&quot;&quot;,&quot;sizes&quot;:[]}}\" data-widget_type=\"text-editor.default\">\n\t\t\t\t<div class=\"elementor-widget-container\">\n\t\t\t\t\t\t\t\t\t<p>Jetzt auch<\/p><p>alkoholfrei<\/p>\t\t\t\t\t\t\t\t<\/div>\n\t\t\t\t<\/div>\n\t\t\t\t<div class=\"elementor-element elementor-element-f075349 elementor-absolute elementor-widget__width-auto elementor-hidden-tablet elementor-hidden-mobile elementor-widget elementor-widget-image\" data-id=\"f075349\" data-element_type=\"widget\" data-e-type=\"widget\" data-settings=\"{&quot;_position&quot;:&quot;absolute&quot;}\" data-widget_type=\"image.default\">\n\t\t\t\t<div class=\"elementor-widget-container\">\n\t\t\t\t\t\t\t\t\t\t\t\t\t\t\t<img decoding=\"async\" width=\"81\" height=\"134\" src=\"https:\/\/www.saefte-vom-bodensee.de\/lindauer-fruchtgarten\/wp-content\/uploads\/sites\/3\/2022\/06\/lif-pfeil.png\" class=\"attachment-large size-large wp-image-6390\" alt=\"\" srcset=\"https:\/\/www.saefte-vom-bodensee.de\/lindauer-fruchtgarten\/wp-content\/uploads\/sites\/3\/2022\/06\/lif-pfeil.png 81w, https:\/\/www.saefte-vom-bodensee.de\/lindauer-fruchtgarten\/wp-content\/uploads\/sites\/3\/2022\/06\/lif-pfeil-30x50.png 30w, https:\/\/www.saefte-vom-bodensee.de\/lindauer-fruchtgarten\/wp-content\/uploads\/sites\/3\/2022\/06\/lif-pfeil-45x75.png 45w\" sizes=\"(max-width: 81px) 100vw, 81px\" \/>\t\t\t\t\t\t\t\t\t\t\t\t\t\t\t<\/div>\n\t\t\t\t<\/div>\n\t\t\t\t\t<\/div>\n\t\t<\/div>\n\t\t\t\t<div class=\"elementor-column elementor-col-50 elementor-top-column elementor-element elementor-element-4c09a14\" data-id=\"4c09a14\" data-element_type=\"column\" data-e-type=\"column\">\n\t\t\t<div class=\"elementor-widget-wrap elementor-element-populated\">\n\t\t\t\t\t\t<div class=\"elementor-element elementor-element-8da6040 elementor-widget elementor-widget-heading\" data-id=\"8da6040\" data-element_type=\"widget\" data-e-type=\"widget\" data-widget_type=\"heading.default\">\n\t\t\t\t<div class=\"elementor-widget-container\">\n\t\t\t\t\t<h2 class=\"elementor-heading-title elementor-size-default\">Bauernmost<\/h2>\t\t\t\t<\/div>\n\t\t\t\t<\/div>\n\t\t\t\t<div class=\"elementor-element elementor-element-668cc8a elementor-widget elementor-widget-text-editor\" data-id=\"668cc8a\" data-element_type=\"widget\" data-e-type=\"widget\" data-widget_type=\"text-editor.default\">\n\t\t\t\t<div class=\"elementor-widget-container\">\n\t\t\t\t\t\t\t\t\t<p><span class=\"s1\">Alkoholfreier Apfel-Birnen-Most<\/span><\/p>\t\t\t\t\t\t\t\t<\/div>\n\t\t\t\t<\/div>\n\t\t\t\t<div class=\"elementor-element elementor-element-a5fcc93 elementor-widget elementor-widget-text-editor\" data-id=\"a5fcc93\" data-element_type=\"widget\" data-e-type=\"widget\" data-widget_type=\"text-editor.default\">\n\t\t\t\t<div class=\"elementor-widget-container\">\n\t\t\t\t\t\t\t\t\t<p class=\"p1\">Dieser fruchtig-herbe Most aus heimischen \u00c4pfeln und Birnen wird traditionell hergestellt. Anschlie\u00dfend wird dem Most der Alkohol in einem schonenden Verfahren wieder entzogen. So k\u00f6nnen alle, die lieber alkoholfrei unterwegs sind, trotzdem den typischen Geschmack genie\u00dfen. \u00dcbrigens: Unser alkoholfreier Most ist weniger su\u0308\u00df als Apfelsaft und hat dabei auch noch deutlicher weniger Kalorien.<\/p>\t\t\t\t\t\t\t\t<\/div>\n\t\t\t\t<\/div>\n\t\t\t\t<div class=\"elementor-element elementor-element-8751f8a elementor-absolute e-transform elementor-widget elementor-widget-image\" data-id=\"8751f8a\" data-element_type=\"widget\" data-e-type=\"widget\" data-settings=\"{&quot;_position&quot;:&quot;absolute&quot;,&quot;_transform_rotateZ_effect&quot;:{&quot;unit&quot;:&quot;px&quot;,&quot;size&quot;:22,&quot;sizes&quot;:[]},&quot;motion_fx_motion_fx_scrolling&quot;:&quot;yes&quot;,&quot;motion_fx_rotateZ_effect&quot;:&quot;yes&quot;,&quot;motion_fx_rotateZ_direction&quot;:&quot;negative&quot;,&quot;motion_fx_rotateZ_affectedRange&quot;:{&quot;unit&quot;:&quot;%&quot;,&quot;size&quot;:&quot;&quot;,&quot;sizes&quot;:{&quot;start&quot;:0,&quot;end&quot;:47}},&quot;motion_fx_rotateZ_speed&quot;:{&quot;unit&quot;:&quot;px&quot;,&quot;size&quot;:1,&quot;sizes&quot;:[]},&quot;motion_fx_devices&quot;:[&quot;desktop&quot;,&quot;tablet&quot;,&quot;mobile&quot;],&quot;_transform_rotateZ_effect_tablet&quot;:{&quot;unit&quot;:&quot;deg&quot;,&quot;size&quot;:&quot;&quot;,&quot;sizes&quot;:[]},&quot;_transform_rotateZ_effect_mobile&quot;:{&quot;unit&quot;:&quot;deg&quot;,&quot;size&quot;:&quot;&quot;,&quot;sizes&quot;:[]}}\" data-widget_type=\"image.default\">\n\t\t\t\t<div class=\"elementor-widget-container\">\n\t\t\t\t\t\t\t\t\t\t\t\t\t\t\t<img decoding=\"async\" width=\"339\" height=\"187\" src=\"https:\/\/www.saefte-vom-bodensee.de\/lindauer-fruchtgarten\/wp-content\/uploads\/sites\/3\/2022\/04\/Argument-Direktsaft.png\" class=\"attachment-large size-large wp-image-4657\" alt=\"\" srcset=\"https:\/\/www.saefte-vom-bodensee.de\/lindauer-fruchtgarten\/wp-content\/uploads\/sites\/3\/2022\/04\/Argument-Direktsaft.png 339w, https:\/\/www.saefte-vom-bodensee.de\/lindauer-fruchtgarten\/wp-content\/uploads\/sites\/3\/2022\/04\/Argument-Direktsaft-150x83.png 150w, https:\/\/www.saefte-vom-bodensee.de\/lindauer-fruchtgarten\/wp-content\/uploads\/sites\/3\/2022\/04\/Argument-Direktsaft-50x28.png 50w, https:\/\/www.saefte-vom-bodensee.de\/lindauer-fruchtgarten\/wp-content\/uploads\/sites\/3\/2022\/04\/Argument-Direktsaft-260x143.png 260w, https:\/\/www.saefte-vom-bodensee.de\/lindauer-fruchtgarten\/wp-content\/uploads\/sites\/3\/2022\/04\/Argument-Direktsaft-136x75.png 136w\" sizes=\"(max-width: 339px) 100vw, 339px\" \/>\t\t\t\t\t\t\t\t\t\t\t\t\t\t\t<\/div>\n\t\t\t\t<\/div>\n\t\t\t\t<div class=\"elementor-element elementor-element-268a856 elementor-widget elementor-widget-accordion\" data-id=\"268a856\" data-element_type=\"widget\" data-e-type=\"widget\" data-widget_type=\"accordion.default\">\n\t\t\t\t<div class=\"elementor-widget-container\">\n\t\t\t\t\t\t\t<div class=\"elementor-accordion\">\n\t\t\t\t\t\t\t<div class=\"elementor-accordion-item\">\n\t\t\t\t\t<div id=\"elementor-tab-title-4041\" class=\"elementor-tab-title\" data-tab=\"1\" role=\"button\" aria-controls=\"elementor-tab-content-4041\" aria-expanded=\"false\">\n\t\t\t\t\t\t\t\t\t\t\t\t\t<span class=\"elementor-accordion-icon elementor-accordion-icon-left\" aria-hidden=\"true\">\n\t\t\t\t\t\t\t\t\t\t\t\t\t\t\t<span class=\"elementor-accordion-icon-closed\"><i class=\"fas fa-plus\"><\/i><\/span>\n\t\t\t\t\t\t\t\t<span class=\"elementor-accordion-icon-opened\"><i class=\"fas fa-minus\"><\/i><\/span>\n\t\t\t\t\t\t\t\t\t\t\t\t\t\t<\/span>\n\t\t\t\t\t\t\t\t\t\t\t\t<a class=\"elementor-accordion-title\" tabindex=\"0\">Zutaten<\/a>\n\t\t\t\t\t<\/div>\n\t\t\t\t\t<div id=\"elementor-tab-content-4041\" class=\"elementor-tab-content elementor-clearfix\" data-tab=\"1\" role=\"region\" aria-labelledby=\"elementor-tab-title-4041\"><p class=\"p1\">Alkoholfreier Apfel-Birnen-Most, Kohlens\u00e4ure, Antioxidationsmittel SCHWEFELDIOXID.<\/p><\/div>\n\t\t\t\t<\/div>\n\t\t\t\t\t\t\t<div class=\"elementor-accordion-item\">\n\t\t\t\t\t<div id=\"elementor-tab-title-4042\" class=\"elementor-tab-title\" data-tab=\"2\" role=\"button\" aria-controls=\"elementor-tab-content-4042\" aria-expanded=\"false\">\n\t\t\t\t\t\t\t\t\t\t\t\t\t<span class=\"elementor-accordion-icon elementor-accordion-icon-left\" aria-hidden=\"true\">\n\t\t\t\t\t\t\t\t\t\t\t\t\t\t\t<span class=\"elementor-accordion-icon-closed\"><i class=\"fas fa-plus\"><\/i><\/span>\n\t\t\t\t\t\t\t\t<span class=\"elementor-accordion-icon-opened\"><i class=\"fas fa-minus\"><\/i><\/span>\n\t\t\t\t\t\t\t\t\t\t\t\t\t\t<\/span>\n\t\t\t\t\t\t\t\t\t\t\t\t<a class=\"elementor-accordion-title\" tabindex=\"0\">N\u00e4hrwerte<\/a>\n\t\t\t\t\t<\/div>\n\t\t\t\t\t<div id=\"elementor-tab-content-4042\" class=\"elementor-tab-content elementor-clearfix\" data-tab=\"2\" role=\"region\" aria-labelledby=\"elementor-tab-title-4042\"><p><span class=\"s1\"><b>N\u00e4hrwerte pro 100 ml<br \/><\/b><\/span><span class=\"s1\"><b><br \/>Brennwert: 71 kJ \/ 17 kcal<br \/><\/b><\/span><span class=\"s1\"><b>Fett: &lt;0,5 g<br \/><\/b><\/span>davon ges\u00e4ttigte Fetts\u00e4uren: &lt;0,1 g<br \/><span class=\"s1\"><b>Kohlenhydrate: 3,5 g<br \/><\/b><\/span>davon Zucker: 3,0 g<br \/><span class=\"s1\"><b>Eiwei\u00df: &lt;0,5 g<br \/><\/b><\/span><span class=\"s1\"><b>Salz: &lt;0,1 g<\/b><\/span><\/p><\/div>\n\t\t\t\t<\/div>\n\t\t\t\t\t\t\t<div class=\"elementor-accordion-item\">\n\t\t\t\t\t<div id=\"elementor-tab-title-4043\" class=\"elementor-tab-title\" data-tab=\"3\" role=\"button\" aria-controls=\"elementor-tab-content-4043\" aria-expanded=\"false\">\n\t\t\t\t\t\t\t\t\t\t\t\t\t<span class=\"elementor-accordion-icon elementor-accordion-icon-left\" aria-hidden=\"true\">\n\t\t\t\t\t\t\t\t\t\t\t\t\t\t\t<span class=\"elementor-accordion-icon-closed\"><i class=\"fas fa-plus\"><\/i><\/span>\n\t\t\t\t\t\t\t\t<span class=\"elementor-accordion-icon-opened\"><i class=\"fas fa-minus\"><\/i><\/span>\n\t\t\t\t\t\t\t\t\t\t\t\t\t\t<\/span>\n\t\t\t\t\t\t\t\t\t\t\t\t<a class=\"elementor-accordion-title\" tabindex=\"0\">Gebinde<\/a>\n\t\t\t\t\t<\/div>\n\t\t\t\t\t<div id=\"elementor-tab-content-4043\" class=\"elementor-tab-content elementor-clearfix\" data-tab=\"3\" role=\"region\" aria-labelledby=\"elementor-tab-title-4043\"><p><img loading=\"lazy\" decoding=\"async\" class=\"alignnone size-thumbnail wp-image-5349\" src=\"https:\/\/www.saefte-vom-bodensee.de\/lindauer-fruchtgarten\/wp-content\/uploads\/sites\/3\/2022\/06\/lif-gebinde-1l-117x150.png\" alt=\"\" width=\"117\" height=\"150\" srcset=\"https:\/\/www.saefte-vom-bodensee.de\/lindauer-fruchtgarten\/wp-content\/uploads\/sites\/3\/2022\/06\/lif-gebinde-1l-117x150.png 117w, https:\/\/www.saefte-vom-bodensee.de\/lindauer-fruchtgarten\/wp-content\/uploads\/sites\/3\/2022\/06\/lif-gebinde-1l-39x50.png 39w, https:\/\/www.saefte-vom-bodensee.de\/lindauer-fruchtgarten\/wp-content\/uploads\/sites\/3\/2022\/06\/lif-gebinde-1l-114x146.png 114w, https:\/\/www.saefte-vom-bodensee.de\/lindauer-fruchtgarten\/wp-content\/uploads\/sites\/3\/2022\/06\/lif-gebinde-1l-59x75.png 59w, https:\/\/www.saefte-vom-bodensee.de\/lindauer-fruchtgarten\/wp-content\/uploads\/sites\/3\/2022\/06\/lif-gebinde-1l.png 234w\" sizes=\"(max-width: 117px) 100vw, 117px\" \/>\u00a0<\/p><\/div>\n\t\t\t\t<\/div>\n\t\t\t\t\t\t\t\t<\/div>\n\t\t\t\t\t\t<\/div>\n\t\t\t\t<\/div>\n\t\t\t\t\t<\/div>\n\t\t<\/div>\n\t\t\t\t\t<\/div>\n\t\t<\/section>\n\t\t\t\t<section class=\"elementor-section elementor-top-section elementor-element elementor-element-7c9c6d9 elementor-section-full_width elementor-section-height-default elementor-section-height-default\" data-id=\"7c9c6d9\" data-element_type=\"section\" data-e-type=\"section\">\n\t\t\t\t\t\t<div class=\"elementor-container elementor-column-gap-default\">\n\t\t\t\t\t<div class=\"elementor-column elementor-col-100 elementor-top-column elementor-element elementor-element-e869e14\" data-id=\"e869e14\" data-element_type=\"column\" data-e-type=\"column\">\n\t\t\t<div class=\"elementor-widget-wrap elementor-element-populated\">\n\t\t\t\t\t\t<div class=\"elementor-element elementor-element-c79d873 elementor-widget elementor-widget-heading\" data-id=\"c79d873\" data-element_type=\"widget\" data-e-type=\"widget\" data-widget_type=\"heading.default\">\n\t\t\t\t<div class=\"elementor-widget-container\">\n\t\t\t\t\t<h2 class=\"elementor-heading-title elementor-size-default\">Weitere Mostspezialit\u00e4ten<\/h2>\t\t\t\t<\/div>\n\t\t\t\t<\/div>\n\t\t\t\t<div class=\"elementor-element elementor-element-507fc67 elementor-grid-4 elementor-grid-tablet-2 elementor-grid-mobile-1 elementor-invisible elementor-widget elementor-widget-global elementor-global-9160 elementor-widget-portfolio\" data-id=\"507fc67\" data-element_type=\"widget\" data-e-type=\"widget\" data-settings=\"{&quot;masonry&quot;:&quot;yes&quot;,&quot;_animation&quot;:&quot;fadeInUp&quot;,&quot;_animation_tablet&quot;:&quot;none&quot;,&quot;columns&quot;:&quot;4&quot;,&quot;columns_tablet&quot;:&quot;2&quot;,&quot;columns_mobile&quot;:&quot;1&quot;,&quot;item_gap&quot;:{&quot;unit&quot;:&quot;px&quot;,&quot;size&quot;:&quot;&quot;,&quot;sizes&quot;:[]},&quot;row_gap&quot;:{&quot;unit&quot;:&quot;px&quot;,&quot;size&quot;:&quot;&quot;,&quot;sizes&quot;:[]}}\" data-widget_type=\"portfolio.default\">\n\t\t\t\t<div class=\"elementor-widget-container\">\n\t\t\t\t\t\t\t<div class=\"elementor-portfolio elementor-grid elementor-posts-container\" role=\"list\">\n\t\t\t\t<article class=\"elementor-portfolio-item elementor-post elementor-filter-67 post-9254 portfolio type-portfolio status-publish has-post-thumbnail hentry portfolio-types-mostspezialitaeten-schorlen\" role=\"listitem\">\n\t\t\t<a class=\"elementor-post__thumbnail__link\" href=\"https:\/\/www.saefte-vom-bodensee.de\/lindauer-fruchtgarten\/blog\/portfolio-item\/most-schorle-apfel-kirsch\/\">\n\t\t\t\t<div class=\"elementor-portfolio-item__img elementor-post__thumbnail\">\n\t\t\t<img loading=\"lazy\" decoding=\"async\" width=\"1088\" height=\"1269\" src=\"https:\/\/www.saefte-vom-bodensee.de\/lindauer-fruchtgarten\/wp-content\/uploads\/sites\/3\/2023\/04\/LIF-Schorle-Most-Schorle-Roter-033L.png\" class=\"attachment-full size-full wp-image-9256\" alt=\"\" srcset=\"https:\/\/www.saefte-vom-bodensee.de\/lindauer-fruchtgarten\/wp-content\/uploads\/sites\/3\/2023\/04\/LIF-Schorle-Most-Schorle-Roter-033L.png 1088w, https:\/\/www.saefte-vom-bodensee.de\/lindauer-fruchtgarten\/wp-content\/uploads\/sites\/3\/2023\/04\/LIF-Schorle-Most-Schorle-Roter-033L-480x560.png 480w, https:\/\/www.saefte-vom-bodensee.de\/lindauer-fruchtgarten\/wp-content\/uploads\/sites\/3\/2023\/04\/LIF-Schorle-Most-Schorle-Roter-033L-1024x1194.png 1024w, https:\/\/www.saefte-vom-bodensee.de\/lindauer-fruchtgarten\/wp-content\/uploads\/sites\/3\/2023\/04\/LIF-Schorle-Most-Schorle-Roter-033L-129x150.png 129w, https:\/\/www.saefte-vom-bodensee.de\/lindauer-fruchtgarten\/wp-content\/uploads\/sites\/3\/2023\/04\/LIF-Schorle-Most-Schorle-Roter-033L-768x896.png 768w, https:\/\/www.saefte-vom-bodensee.de\/lindauer-fruchtgarten\/wp-content\/uploads\/sites\/3\/2023\/04\/LIF-Schorle-Most-Schorle-Roter-033L-43x50.png 43w, https:\/\/www.saefte-vom-bodensee.de\/lindauer-fruchtgarten\/wp-content\/uploads\/sites\/3\/2023\/04\/LIF-Schorle-Most-Schorle-Roter-033L-125x146.png 125w, https:\/\/www.saefte-vom-bodensee.de\/lindauer-fruchtgarten\/wp-content\/uploads\/sites\/3\/2023\/04\/LIF-Schorle-Most-Schorle-Roter-033L-64x75.png 64w\" sizes=\"(max-width: 1088px) 100vw, 1088px\" \/>\t\t<\/div>\n\t\t\t\t<div class=\"elementor-portfolio-item__overlay\">\n\t\t\t\t<h3 class=\"elementor-portfolio-item__title\">\n\t\tMost Schorle Apfel-Kirsch\t\t<\/h3>\n\t\t\t\t<\/div>\n\t\t\t\t<\/a>\n\t\t<\/article>\n\t\t\t\t<article class=\"elementor-portfolio-item elementor-post elementor-filter-67 post-9240 portfolio type-portfolio status-publish has-post-thumbnail hentry portfolio-types-mostspezialitaeten-schorlen\" role=\"listitem\">\n\t\t\t<a class=\"elementor-post__thumbnail__link\" href=\"https:\/\/www.saefte-vom-bodensee.de\/lindauer-fruchtgarten\/blog\/portfolio-item\/most-schorle-apfel-holunder\/\">\n\t\t\t\t<div class=\"elementor-portfolio-item__img elementor-post__thumbnail\">\n\t\t\t<img loading=\"lazy\" decoding=\"async\" width=\"1088\" height=\"1269\" src=\"https:\/\/www.saefte-vom-bodensee.de\/lindauer-fruchtgarten\/wp-content\/uploads\/sites\/3\/2023\/04\/LIF-Schorle-Most-Schorle-Apfel-Holunder033L.png\" class=\"attachment-full size-full wp-image-9248\" alt=\"\" srcset=\"https:\/\/www.saefte-vom-bodensee.de\/lindauer-fruchtgarten\/wp-content\/uploads\/sites\/3\/2023\/04\/LIF-Schorle-Most-Schorle-Apfel-Holunder033L.png 1088w, https:\/\/www.saefte-vom-bodensee.de\/lindauer-fruchtgarten\/wp-content\/uploads\/sites\/3\/2023\/04\/LIF-Schorle-Most-Schorle-Apfel-Holunder033L-480x560.png 480w, https:\/\/www.saefte-vom-bodensee.de\/lindauer-fruchtgarten\/wp-content\/uploads\/sites\/3\/2023\/04\/LIF-Schorle-Most-Schorle-Apfel-Holunder033L-1024x1194.png 1024w, https:\/\/www.saefte-vom-bodensee.de\/lindauer-fruchtgarten\/wp-content\/uploads\/sites\/3\/2023\/04\/LIF-Schorle-Most-Schorle-Apfel-Holunder033L-129x150.png 129w, https:\/\/www.saefte-vom-bodensee.de\/lindauer-fruchtgarten\/wp-content\/uploads\/sites\/3\/2023\/04\/LIF-Schorle-Most-Schorle-Apfel-Holunder033L-768x896.png 768w, https:\/\/www.saefte-vom-bodensee.de\/lindauer-fruchtgarten\/wp-content\/uploads\/sites\/3\/2023\/04\/LIF-Schorle-Most-Schorle-Apfel-Holunder033L-43x50.png 43w, https:\/\/www.saefte-vom-bodensee.de\/lindauer-fruchtgarten\/wp-content\/uploads\/sites\/3\/2023\/04\/LIF-Schorle-Most-Schorle-Apfel-Holunder033L-125x146.png 125w, https:\/\/www.saefte-vom-bodensee.de\/lindauer-fruchtgarten\/wp-content\/uploads\/sites\/3\/2023\/04\/LIF-Schorle-Most-Schorle-Apfel-Holunder033L-64x75.png 64w\" sizes=\"(max-width: 1088px) 100vw, 1088px\" \/>\t\t<\/div>\n\t\t\t\t<div class=\"elementor-portfolio-item__overlay\">\n\t\t\t\t<h3 class=\"elementor-portfolio-item__title\">\n\t\tMost Schorle Apfel-Holunder\t\t<\/h3>\n\t\t\t\t<\/div>\n\t\t\t\t<\/a>\n\t\t<\/article>\n\t\t\t\t<article class=\"elementor-portfolio-item elementor-post elementor-filter-67 post-9233 portfolio type-portfolio status-publish has-post-thumbnail hentry portfolio-types-mostspezialitaeten-schorlen\" role=\"listitem\">\n\t\t\t<a class=\"elementor-post__thumbnail__link\" href=\"https:\/\/www.saefte-vom-bodensee.de\/lindauer-fruchtgarten\/blog\/portfolio-item\/most-schorle-erdbeere-rhabarber\/\">\n\t\t\t\t<div class=\"elementor-portfolio-item__img elementor-post__thumbnail\">\n\t\t\t<img loading=\"lazy\" decoding=\"async\" width=\"1088\" height=\"1269\" src=\"https:\/\/www.saefte-vom-bodensee.de\/lindauer-fruchtgarten\/wp-content\/uploads\/sites\/3\/2023\/04\/LIF-Schorle-Most-Schorle-Rhabarber-Erdbeere-033L.png\" class=\"attachment-full size-full wp-image-9235\" alt=\"\" srcset=\"https:\/\/www.saefte-vom-bodensee.de\/lindauer-fruchtgarten\/wp-content\/uploads\/sites\/3\/2023\/04\/LIF-Schorle-Most-Schorle-Rhabarber-Erdbeere-033L.png 1088w, https:\/\/www.saefte-vom-bodensee.de\/lindauer-fruchtgarten\/wp-content\/uploads\/sites\/3\/2023\/04\/LIF-Schorle-Most-Schorle-Rhabarber-Erdbeere-033L-480x560.png 480w, https:\/\/www.saefte-vom-bodensee.de\/lindauer-fruchtgarten\/wp-content\/uploads\/sites\/3\/2023\/04\/LIF-Schorle-Most-Schorle-Rhabarber-Erdbeere-033L-1024x1194.png 1024w, https:\/\/www.saefte-vom-bodensee.de\/lindauer-fruchtgarten\/wp-content\/uploads\/sites\/3\/2023\/04\/LIF-Schorle-Most-Schorle-Rhabarber-Erdbeere-033L-129x150.png 129w, https:\/\/www.saefte-vom-bodensee.de\/lindauer-fruchtgarten\/wp-content\/uploads\/sites\/3\/2023\/04\/LIF-Schorle-Most-Schorle-Rhabarber-Erdbeere-033L-768x896.png 768w, https:\/\/www.saefte-vom-bodensee.de\/lindauer-fruchtgarten\/wp-content\/uploads\/sites\/3\/2023\/04\/LIF-Schorle-Most-Schorle-Rhabarber-Erdbeere-033L-43x50.png 43w, https:\/\/www.saefte-vom-bodensee.de\/lindauer-fruchtgarten\/wp-content\/uploads\/sites\/3\/2023\/04\/LIF-Schorle-Most-Schorle-Rhabarber-Erdbeere-033L-125x146.png 125w, https:\/\/www.saefte-vom-bodensee.de\/lindauer-fruchtgarten\/wp-content\/uploads\/sites\/3\/2023\/04\/LIF-Schorle-Most-Schorle-Rhabarber-Erdbeere-033L-64x75.png 64w\" sizes=\"(max-width: 1088px) 100vw, 1088px\" \/>\t\t<\/div>\n\t\t\t\t<div class=\"elementor-portfolio-item__overlay\">\n\t\t\t\t<h3 class=\"elementor-portfolio-item__title\">\n\t\tMost Schorle Erdbeere-Rhabarber\t\t<\/h3>\n\t\t\t\t<\/div>\n\t\t\t\t<\/a>\n\t\t<\/article>\n\t\t\t\t<article class=\"elementor-portfolio-item elementor-post elementor-filter-67 post-9225 portfolio type-portfolio status-publish has-post-thumbnail hentry portfolio-types-mostspezialitaeten-schorlen\" role=\"listitem\">\n\t\t\t<a class=\"elementor-post__thumbnail__link\" href=\"https:\/\/www.saefte-vom-bodensee.de\/lindauer-fruchtgarten\/blog\/portfolio-item\/most-cola\/\">\n\t\t\t\t<div class=\"elementor-portfolio-item__img elementor-post__thumbnail\">\n\t\t\t<img loading=\"lazy\" decoding=\"async\" width=\"1088\" height=\"1269\" src=\"https:\/\/www.saefte-vom-bodensee.de\/lindauer-fruchtgarten\/wp-content\/uploads\/sites\/3\/2023\/04\/LIF-Schorle-Most-Schorle-Cola-033L.png\" class=\"attachment-full size-full wp-image-9227\" alt=\"\" srcset=\"https:\/\/www.saefte-vom-bodensee.de\/lindauer-fruchtgarten\/wp-content\/uploads\/sites\/3\/2023\/04\/LIF-Schorle-Most-Schorle-Cola-033L.png 1088w, https:\/\/www.saefte-vom-bodensee.de\/lindauer-fruchtgarten\/wp-content\/uploads\/sites\/3\/2023\/04\/LIF-Schorle-Most-Schorle-Cola-033L-480x560.png 480w, https:\/\/www.saefte-vom-bodensee.de\/lindauer-fruchtgarten\/wp-content\/uploads\/sites\/3\/2023\/04\/LIF-Schorle-Most-Schorle-Cola-033L-1024x1194.png 1024w, https:\/\/www.saefte-vom-bodensee.de\/lindauer-fruchtgarten\/wp-content\/uploads\/sites\/3\/2023\/04\/LIF-Schorle-Most-Schorle-Cola-033L-129x150.png 129w, https:\/\/www.saefte-vom-bodensee.de\/lindauer-fruchtgarten\/wp-content\/uploads\/sites\/3\/2023\/04\/LIF-Schorle-Most-Schorle-Cola-033L-768x896.png 768w, https:\/\/www.saefte-vom-bodensee.de\/lindauer-fruchtgarten\/wp-content\/uploads\/sites\/3\/2023\/04\/LIF-Schorle-Most-Schorle-Cola-033L-43x50.png 43w, https:\/\/www.saefte-vom-bodensee.de\/lindauer-fruchtgarten\/wp-content\/uploads\/sites\/3\/2023\/04\/LIF-Schorle-Most-Schorle-Cola-033L-125x146.png 125w, https:\/\/www.saefte-vom-bodensee.de\/lindauer-fruchtgarten\/wp-content\/uploads\/sites\/3\/2023\/04\/LIF-Schorle-Most-Schorle-Cola-033L-64x75.png 64w\" sizes=\"(max-width: 1088px) 100vw, 1088px\" \/>\t\t<\/div>\n\t\t\t\t<div class=\"elementor-portfolio-item__overlay\">\n\t\t\t\t<h3 class=\"elementor-portfolio-item__title\">\n\t\tMost-Cola\t\t<\/h3>\n\t\t\t\t<\/div>\n\t\t\t\t<\/a>\n\t\t<\/article>\n\t\t\t\t<\/div>\n\t\t\t\t\t\t<\/div>\n\t\t\t\t<\/div>\n\t\t\t\t<div class=\"elementor-element elementor-element-3e60b1e elementor-align-center elementor-widget elementor-widget-button\" data-id=\"3e60b1e\" data-element_type=\"widget\" data-e-type=\"widget\" data-widget_type=\"button.default\">\n\t\t\t\t<div class=\"elementor-widget-container\">\n\t\t\t\t\t\t\t\t\t<div class=\"elementor-button-wrapper\">\n\t\t\t\t\t<a class=\"elementor-button elementor-button-link elementor-size-sm\" href=\"\/lindauer-fruchtgarten\/mostspezialitaeten\/\">\n\t\t\t\t\t\t<span class=\"elementor-button-content-wrapper\">\n\t\t\t\t\t\t\t\t\t<span class=\"elementor-button-text\">Mehr entdecken<\/span>\n\t\t\t\t\t<\/span>\n\t\t\t\t\t<\/a>\n\t\t\t\t<\/div>\n\t\t\t\t\t\t\t\t<\/div>\n\t\t\t\t<\/div>\n\t\t\t\t\t<\/div>\n\t\t<\/div>\n\t\t\t\t\t<\/div>\n\t\t<\/section>\n\t\t\t\t<section class=\"elementor-section elementor-top-section elementor-element elementor-element-ca50e2c elementor-section-full_width elementor-section-height-min-height elementor-section-height-default elementor-section-items-middle\" data-id=\"ca50e2c\" data-element_type=\"section\" data-e-type=\"section\" data-settings=\"{&quot;background_background&quot;:&quot;video&quot;,&quot;background_video_link&quot;:&quot;https:\\\/\\\/www.saefte-vom-bodensee.de\\\/lindauer-fruchtgarten\\\/wp-content\\\/uploads\\\/2022\\\/04\\\/pexels-karolina-grabowska-5243444.mp4&quot;}\">\n\t\t\t\t\t\t\t\t<div class=\"elementor-background-video-container elementor-hidden-mobile\">\n\t\t\t\t\t\t\t\t\t\t\t\t\t<video class=\"elementor-background-video-hosted\" role=\"presentation\" autoplay muted playsinline loop><\/video>\n\t\t\t\t\t\t\t\t\t\t\t<\/div>\n\t\t\t\t\t\t\t\t<div class=\"elementor-container elementor-column-gap-default\">\n\t\t\t\t\t<div class=\"elementor-column elementor-col-100 elementor-top-column elementor-element elementor-element-2431cdc\" data-id=\"2431cdc\" data-element_type=\"column\" data-e-type=\"column\">\n\t\t\t<div class=\"elementor-widget-wrap elementor-element-populated\">\n\t\t\t\t\t\t<div class=\"elementor-element elementor-element-e127976 elementor-absolute elementor-widget elementor-widget-image\" data-id=\"e127976\" data-element_type=\"widget\" data-e-type=\"widget\" data-settings=\"{&quot;_position&quot;:&quot;absolute&quot;}\" data-widget_type=\"image.default\">\n\t\t\t\t<div class=\"elementor-widget-container\">\n\t\t\t\t\t\t\t\t\t\t\t\t\t\t\t<img loading=\"lazy\" decoding=\"async\" width=\"3836\" height=\"262\" src=\"https:\/\/www.saefte-vom-bodensee.de\/lindauer-fruchtgarten\/wp-content\/uploads\/sites\/3\/2022\/04\/maske-vid-1.png\" class=\"attachment-full size-full wp-image-4934\" alt=\"\" srcset=\"https:\/\/www.saefte-vom-bodensee.de\/lindauer-fruchtgarten\/wp-content\/uploads\/sites\/3\/2022\/04\/maske-vid-1.png 3836w, https:\/\/www.saefte-vom-bodensee.de\/lindauer-fruchtgarten\/wp-content\/uploads\/sites\/3\/2022\/04\/maske-vid-1-480x33.png 480w, https:\/\/www.saefte-vom-bodensee.de\/lindauer-fruchtgarten\/wp-content\/uploads\/sites\/3\/2022\/04\/maske-vid-1-1024x70.png 1024w, https:\/\/www.saefte-vom-bodensee.de\/lindauer-fruchtgarten\/wp-content\/uploads\/sites\/3\/2022\/04\/maske-vid-1-150x10.png 150w, https:\/\/www.saefte-vom-bodensee.de\/lindauer-fruchtgarten\/wp-content\/uploads\/sites\/3\/2022\/04\/maske-vid-1-768x52.png 768w, https:\/\/www.saefte-vom-bodensee.de\/lindauer-fruchtgarten\/wp-content\/uploads\/sites\/3\/2022\/04\/maske-vid-1-50x3.png 50w, https:\/\/www.saefte-vom-bodensee.de\/lindauer-fruchtgarten\/wp-content\/uploads\/sites\/3\/2022\/04\/maske-vid-1-1536x105.png 1536w, https:\/\/www.saefte-vom-bodensee.de\/lindauer-fruchtgarten\/wp-content\/uploads\/sites\/3\/2022\/04\/maske-vid-1-2048x140.png 2048w, https:\/\/www.saefte-vom-bodensee.de\/lindauer-fruchtgarten\/wp-content\/uploads\/sites\/3\/2022\/04\/maske-vid-1-260x18.png 260w\" sizes=\"(max-width: 3836px) 100vw, 3836px\" \/>\t\t\t\t\t\t\t\t\t\t\t\t\t\t\t<\/div>\n\t\t\t\t<\/div>\n\t\t\t\t<div class=\"elementor-element elementor-element-e68c9c2 elementor-widget elementor-widget-heading\" data-id=\"e68c9c2\" data-element_type=\"widget\" data-e-type=\"widget\" data-widget_type=\"heading.default\">\n\t\t\t\t<div class=\"elementor-widget-container\">\n\t\t\t\t\t<h2 class=\"elementor-heading-title elementor-size-default\">Willkommen im Lindauer Fruchtgarten.<\/h2>\t\t\t\t<\/div>\n\t\t\t\t<\/div>\n\t\t\t\t\t<\/div>\n\t\t<\/div>\n\t\t\t\t\t<\/div>\n\t\t<\/section>\n\t\t\t\t<\/div>\n\t\t","protected":false},"excerpt":{"rendered":"","protected":false},"author":1,"featured_media":9141,"menu_order":100,"template":"elementor_header_footer","meta":[],"portfolio-types":[65],"class_list":["post-9139","portfolio","type-portfolio","status-publish","has-post-thumbnail","hentry","portfolio-types-mostspezialitaeten-alkoholfrei"],"yoast_head":"<!-- This site is optimized with the Yoast SEO plugin v27.4 - https:\/\/yoast.com\/product\/yoast-seo-wordpress\/ -->\n<title>Bauernmost - Lindauer Fruchtgarten<\/title>\n<meta name=\"robots\" content=\"index, follow, max-snippet:-1, max-image-preview:large, max-video-preview:-1\" \/>\n<link rel=\"canonical\" href=\"https:\/\/www.saefte-vom-bodensee.de\/lindauer-fruchtgarten\/blog\/portfolio-item\/bauernmost\/\" \/>\n<meta property=\"og:locale\" content=\"de_DE\" \/>\n<meta property=\"og:type\" content=\"article\" \/>\n<meta property=\"og:title\" content=\"Bauernmost - Lindauer Fruchtgarten\" \/>\n<meta property=\"og:url\" content=\"https:\/\/www.saefte-vom-bodensee.de\/lindauer-fruchtgarten\/blog\/portfolio-item\/bauernmost\/\" \/>\n<meta property=\"og:site_name\" content=\"Lindauer Fruchtgarten\" \/>\n<meta property=\"article:modified_time\" content=\"2023-04-04T14:53:40+00:00\" \/>\n<meta property=\"og:image\" content=\"https:\/\/www.saefte-vom-bodensee.de\/lindauer-fruchtgarten\/wp-content\/uploads\/sites\/3\/2023\/04\/LIF-Most-Alkoholfrei-1L.png\" \/>\n\t<meta property=\"og:image:width\" content=\"1088\" \/>\n\t<meta property=\"og:image:height\" content=\"1269\" \/>\n\t<meta property=\"og:image:type\" content=\"image\/png\" \/>\n<meta name=\"twitter:card\" content=\"summary_large_image\" \/>\n<meta name=\"twitter:label1\" content=\"Gesch\u00e4tzte Lesezeit\" \/>\n\t<meta name=\"twitter:data1\" content=\"1\u00a0Minute\" \/>\n<!-- \/ Yoast SEO plugin. -->","yoast_head_json":{"title":"Bauernmost - Lindauer Fruchtgarten","robots":{"index":"index","follow":"follow","max-snippet":"max-snippet:-1","max-image-preview":"max-image-preview:large","max-video-preview":"max-video-preview:-1"},"canonical":"https:\/\/www.saefte-vom-bodensee.de\/lindauer-fruchtgarten\/blog\/portfolio-item\/bauernmost\/","og_locale":"de_DE","og_type":"article","og_title":"Bauernmost - Lindauer Fruchtgarten","og_url":"https:\/\/www.saefte-vom-bodensee.de\/lindauer-fruchtgarten\/blog\/portfolio-item\/bauernmost\/","og_site_name":"Lindauer Fruchtgarten","article_modified_time":"2023-04-04T14:53:40+00:00","og_image":[{"width":1088,"height":1269,"url":"https:\/\/www.saefte-vom-bodensee.de\/lindauer-fruchtgarten\/wp-content\/uploads\/sites\/3\/2023\/04\/LIF-Most-Alkoholfrei-1L.png","type":"image\/png"}],"twitter_card":"summary_large_image","twitter_misc":{"Gesch\u00e4tzte Lesezeit":"1\u00a0Minute"},"schema":{"@context":"https:\/\/schema.org","@graph":[{"@type":"WebPage","@id":"https:\/\/www.saefte-vom-bodensee.de\/lindauer-fruchtgarten\/blog\/portfolio-item\/bauernmost\/","url":"https:\/\/www.saefte-vom-bodensee.de\/lindauer-fruchtgarten\/blog\/portfolio-item\/bauernmost\/","name":"Bauernmost - Lindauer Fruchtgarten","isPartOf":{"@id":"https:\/\/www.saefte-vom-bodensee.de\/lindauer-fruchtgarten\/#website"},"primaryImageOfPage":{"@id":"https:\/\/www.saefte-vom-bodensee.de\/lindauer-fruchtgarten\/blog\/portfolio-item\/bauernmost\/#primaryimage"},"image":{"@id":"https:\/\/www.saefte-vom-bodensee.de\/lindauer-fruchtgarten\/blog\/portfolio-item\/bauernmost\/#primaryimage"},"thumbnailUrl":"https:\/\/www.saefte-vom-bodensee.de\/lindauer-fruchtgarten\/wp-content\/uploads\/sites\/3\/2023\/04\/LIF-Most-Alkoholfrei-1L.png","datePublished":"2023-04-04T14:23:26+00:00","dateModified":"2023-04-04T14:53:40+00:00","breadcrumb":{"@id":"https:\/\/www.saefte-vom-bodensee.de\/lindauer-fruchtgarten\/blog\/portfolio-item\/bauernmost\/#breadcrumb"},"inLanguage":"de","potentialAction":[{"@type":"ReadAction","target":["https:\/\/www.saefte-vom-bodensee.de\/lindauer-fruchtgarten\/blog\/portfolio-item\/bauernmost\/"]}]},{"@type":"ImageObject","inLanguage":"de","@id":"https:\/\/www.saefte-vom-bodensee.de\/lindauer-fruchtgarten\/blog\/portfolio-item\/bauernmost\/#primaryimage","url":"https:\/\/www.saefte-vom-bodensee.de\/lindauer-fruchtgarten\/wp-content\/uploads\/sites\/3\/2023\/04\/LIF-Most-Alkoholfrei-1L.png","contentUrl":"https:\/\/www.saefte-vom-bodensee.de\/lindauer-fruchtgarten\/wp-content\/uploads\/sites\/3\/2023\/04\/LIF-Most-Alkoholfrei-1L.png","width":1088,"height":1269},{"@type":"BreadcrumbList","@id":"https:\/\/www.saefte-vom-bodensee.de\/lindauer-fruchtgarten\/blog\/portfolio-item\/bauernmost\/#breadcrumb","itemListElement":[{"@type":"ListItem","position":1,"name":"Startseite","item":"https:\/\/www.saefte-vom-bodensee.de\/lindauer-fruchtgarten\/"},{"@type":"ListItem","position":2,"name":"Bauernmost"}]},{"@type":"WebSite","@id":"https:\/\/www.saefte-vom-bodensee.de\/lindauer-fruchtgarten\/#website","url":"https:\/\/www.saefte-vom-bodensee.de\/lindauer-fruchtgarten\/","name":"Lindauer Fruchtgarten","description":"","potentialAction":[{"@type":"SearchAction","target":{"@type":"EntryPoint","urlTemplate":"https:\/\/www.saefte-vom-bodensee.de\/lindauer-fruchtgarten\/?s={search_term_string}"},"query-input":{"@type":"PropertyValueSpecification","valueRequired":true,"valueName":"search_term_string"}}],"inLanguage":"de"}]}},"acf":[],"_links":{"self":[{"href":"https:\/\/www.saefte-vom-bodensee.de\/lindauer-fruchtgarten\/wp-json\/wp\/v2\/portfolio\/9139","targetHints":{"allow":["GET"]}}],"collection":[{"href":"https:\/\/www.saefte-vom-bodensee.de\/lindauer-fruchtgarten\/wp-json\/wp\/v2\/portfolio"}],"about":[{"href":"https:\/\/www.saefte-vom-bodensee.de\/lindauer-fruchtgarten\/wp-json\/wp\/v2\/types\/portfolio"}],"author":[{"embeddable":true,"href":"https:\/\/www.saefte-vom-bodensee.de\/lindauer-fruchtgarten\/wp-json\/wp\/v2\/users\/1"}],"version-history":[{"count":0,"href":"https:\/\/www.saefte-vom-bodensee.de\/lindauer-fruchtgarten\/wp-json\/wp\/v2\/portfolio\/9139\/revisions"}],"wp:featuredmedia":[{"embeddable":true,"href":"https:\/\/www.saefte-vom-bodensee.de\/lindauer-fruchtgarten\/wp-json\/wp\/v2\/media\/9141"}],"wp:attachment":[{"href":"https:\/\/www.saefte-vom-bodensee.de\/lindauer-fruchtgarten\/wp-json\/wp\/v2\/media?parent=9139"}],"wp:term":[{"taxonomy":"portfolio-types","embeddable":true,"href":"https:\/\/www.saefte-vom-bodensee.de\/lindauer-fruchtgarten\/wp-json\/wp\/v2\/portfolio-types?post=9139"}],"curies":[{"name":"wp","href":"https:\/\/api.w.org\/{rel}","templated":true}]}}